{"id":1954,"date":"2024-12-22T06:26:29","date_gmt":"2024-12-22T06:26:29","guid":{"rendered":"https:\/\/stehs.verkkokauppakuiskaaja.zoner.dev\/?page_id=1954"},"modified":"2025-01-31T06:51:59","modified_gmt":"2025-01-31T04:51:59","slug":"tapahtumat","status":"publish","type":"page","link":"https:\/\/www.telemedicine.fi\/en\/tapahtumat\/","title":{"rendered":"Events"},"content":{"rendered":"\t\t<div data-elementor-type=\"wp-page\" data-elementor-id=\"1954\" class=\"elementor elementor-1954\">\n\t\t\t\t<div class=\"elementor-element elementor-element-a86f9cd e-flex e-con-boxed wpr-particle-no wpr-jarallax-no wpr-parallax-no wpr-sticky-section-no wpr-equal-height-no e-con e-parent\" data-id=\"a86f9cd\" data-element_type=\"container\" data-e-type=\"container\" data-settings=\"{&quot;background_background&quot;:&quot;classic&quot;}\">\n\t\t\t\t\t<div class=\"e-con-inner\">\n\t\t<div class=\"elementor-element elementor-element-b036fe8 e-con-full e-flex wpr-particle-no wpr-jarallax-no wpr-parallax-no wpr-sticky-section-no wpr-equal-height-no e-con e-child\" data-id=\"b036fe8\" data-element_type=\"container\" data-e-type=\"container\">\n\t\t\t\t<div class=\"elementor-element elementor-element-ad1f0d6 elementor-invisible elementor-widget elementor-widget-heading\" data-id=\"ad1f0d6\" data-element_type=\"widget\" data-e-type=\"widget\" data-settings=\"{&quot;_animation&quot;:&quot;fadeIn&quot;,&quot;_animation_delay&quot;:&quot;200&quot;}\" data-widget_type=\"heading.default\">\n\t\t\t\t<div class=\"elementor-widget-container\">\n\t\t\t\t\t<h1 class=\"elementor-heading-title elementor-size-default\">Tapahtumat<\/h1>\t\t\t\t<\/div>\n\t\t\t\t<\/div>\n\t\t\t\t<\/div>\n\t\t\t\t\t<\/div>\n\t\t\t\t<\/div>\n\t\t<div class=\"elementor-element elementor-element-4333f3a e-flex e-con-boxed wpr-particle-no wpr-jarallax-no wpr-parallax-no wpr-sticky-section-no wpr-equal-height-no e-con e-parent\" data-id=\"4333f3a\" data-element_type=\"container\" data-e-type=\"container\" data-settings=\"{&quot;background_background&quot;:&quot;classic&quot;}\">\n\t\t\t\t\t<div class=\"e-con-inner\">\n\t\t<div class=\"elementor-element elementor-element-82505a1 e-con-full e-flex wpr-particle-no wpr-jarallax-no wpr-parallax-no wpr-sticky-section-no wpr-equal-height-no e-con e-child\" data-id=\"82505a1\" data-element_type=\"container\" data-e-type=\"container\">\n\t\t\t\t<div class=\"elementor-element elementor-element-89d9909 elementor-widget elementor-widget-heading\" data-id=\"89d9909\" data-element_type=\"widget\" data-e-type=\"widget\" data-widget_type=\"heading.default\">\n\t\t\t\t<div class=\"elementor-widget-container\">\n\t\t\t\t\t<h2 class=\"elementor-heading-title elementor-size-default\">STeHS j\u00e4rjest\u00e4\u00e4 webinaareja ja suositun konferenssin vuosittain <\/h2>\t\t\t\t<\/div>\n\t\t\t\t<\/div>\n\t\t\t\t<\/div>\n\t\t\t\t\t<\/div>\n\t\t\t\t<\/div>\n\t\t<div class=\"elementor-element elementor-element-910ff95 e-flex e-con-boxed wpr-particle-no wpr-jarallax-no wpr-parallax-no wpr-sticky-section-no wpr-equal-height-no e-con e-parent\" data-id=\"910ff95\" data-element_type=\"container\" data-e-type=\"container\">\n\t\t\t\t\t<div class=\"e-con-inner\">\n\t\t<div class=\"elementor-element elementor-element-d4ef2c2 e-con-full e-flex wpr-particle-no wpr-jarallax-no wpr-parallax-no wpr-sticky-section-no wpr-equal-height-no e-con e-child\" data-id=\"d4ef2c2\" data-element_type=\"container\" data-e-type=\"container\">\n\t\t<div class=\"elementor-element elementor-element-060d99c e-con-full e-flex wpr-particle-no wpr-jarallax-no wpr-parallax-no wpr-sticky-section-no wpr-equal-height-no e-con e-child\" data-id=\"060d99c\" data-element_type=\"container\" data-e-type=\"container\" data-settings=\"{&quot;background_background&quot;:&quot;classic&quot;}\">\n\t\t\t\t<div class=\"elementor-element elementor-element-ac245af elementor-view-stacked elementor-shape-circle elementor-position-block-start elementor-mobile-position-block-start elementor-widget elementor-widget-icon-box\" data-id=\"ac245af\" data-element_type=\"widget\" data-e-type=\"widget\" data-widget_type=\"icon-box.default\">\n\t\t\t\t<div class=\"elementor-widget-container\">\n\t\t\t\t\t\t\t<div class=\"elementor-icon-box-wrapper\">\n\n\t\t\t\t\t\t<div class=\"elementor-icon-box-icon\">\n\t\t\t\t<a href=\"https:\/\/www.telemedicine.fi\/webinaarit\/\" target=\"_blank\" class=\"elementor-icon\" tabindex=\"-1\" aria-label=\"WEBINAARIT\">\n\t\t\t\t<svg aria-hidden=\"true\" class=\"e-font-icon-svg e-fas-network-wired\" viewBox=\"0 0 640 512\" xmlns=\"http:\/\/www.w3.org\/2000\/svg\"><path d=\"M640 264v-16c0-8.84-7.16-16-16-16H344v-40h72c17.67 0 32-14.33 32-32V32c0-17.67-14.33-32-32-32H224c-17.67 0-32 14.33-32 32v128c0 17.67 14.33 32 32 32h72v40H16c-8.84 0-16 7.16-16 16v16c0 8.84 7.16 16 16 16h104v40H64c-17.67 0-32 14.33-32 32v128c0 17.67 14.33 32 32 32h160c17.67 0 32-14.33 32-32V352c0-17.67-14.33-32-32-32h-56v-40h304v40h-56c-17.67 0-32 14.33-32 32v128c0 17.67 14.33 32 32 32h160c17.67 0 32-14.33 32-32V352c0-17.67-14.33-32-32-32h-56v-40h104c8.84 0 16-7.16 16-16zM256 128V64h128v64H256zm-64 320H96v-64h96v64zm352 0h-96v-64h96v64z\"><\/path><\/svg>\t\t\t\t<\/a>\n\t\t\t<\/div>\n\t\t\t\n\t\t\t\t\t\t<div class=\"elementor-icon-box-content\">\n\n\t\t\t\t\t\t\t\t\t<h5 class=\"elementor-icon-box-title\">\n\t\t\t\t\t\t<a href=\"https:\/\/www.telemedicine.fi\/webinaarit\/\" target=\"_blank\">\n\t\t\t\t\t\t\tWEBINAARIT\t\t\t\t\t\t<\/a>\n\t\t\t\t\t<\/h5>\n\t\t\t\t\n\t\t\t\t\n\t\t\t<\/div>\n\t\t\t\n\t\t<\/div>\n\t\t\t\t\t\t<\/div>\n\t\t\t\t<\/div>\n\t\t\t\t<div class=\"elementor-element elementor-element-105d770 elementor-align-center elementor-mobile-align-left elementor-widget elementor-widget-button\" data-id=\"105d770\" data-element_type=\"widget\" data-e-type=\"widget\" data-widget_type=\"button.default\">\n\t\t\t\t<div class=\"elementor-widget-container\">\n\t\t\t\t\t\t\t\t\t<div class=\"elementor-button-wrapper\">\n\t\t\t\t\t<a class=\"elementor-button elementor-button-link elementor-size-sm\" href=\"https:\/\/www.telemedicine.fi\/webinaarit\/\">\n\t\t\t\t\t\t<span class=\"elementor-button-content-wrapper\">\n\t\t\t\t\t\t<span class=\"elementor-button-icon\">\n\t\t\t\t<svg aria-hidden=\"true\" class=\"e-font-icon-svg e-fas-long-arrow-alt-right\" viewBox=\"0 0 448 512\" xmlns=\"http:\/\/www.w3.org\/2000\/svg\"><path d=\"M313.941 216H12c-6.627 0-12 5.373-12 12v56c0 6.627 5.373 12 12 12h301.941v46.059c0 21.382 25.851 32.09 40.971 16.971l86.059-86.059c9.373-9.373 9.373-24.569 0-33.941l-86.059-86.059c-15.119-15.119-40.971-4.411-40.971 16.971V216z\"><\/path><\/svg>\t\t\t<\/span>\n\t\t\t\t\t\t\t\t\t<span class=\"elementor-button-text\">Lue lis\u00e4\u00e4 webinaareistamme<\/span>\n\t\t\t\t\t<\/span>\n\t\t\t\t\t<\/a>\n\t\t\t\t<\/div>\n\t\t\t\t\t\t\t\t<\/div>\n\t\t\t\t<\/div>\n\t\t\t\t<\/div>\n\t\t<div class=\"elementor-element elementor-element-45e3232 e-con-full e-flex wpr-particle-no wpr-jarallax-no wpr-parallax-no wpr-sticky-section-no wpr-equal-height-no e-con e-child\" data-id=\"45e3232\" data-element_type=\"container\" data-e-type=\"container\" data-settings=\"{&quot;background_background&quot;:&quot;classic&quot;}\">\n\t\t\t\t<div class=\"elementor-element elementor-element-1bb6f24 elementor-view-stacked elementor-shape-circle elementor-position-block-start elementor-mobile-position-block-start elementor-widget elementor-widget-icon-box\" data-id=\"1bb6f24\" data-element_type=\"widget\" data-e-type=\"widget\" data-widget_type=\"icon-box.default\">\n\t\t\t\t<div class=\"elementor-widget-container\">\n\t\t\t\t\t\t\t<div class=\"elementor-icon-box-wrapper\">\n\n\t\t\t\t\t\t<div class=\"elementor-icon-box-icon\">\n\t\t\t\t<a href=\"https:\/\/www.telemedicine.fi\/konferenssit\/\" target=\"_blank\" class=\"elementor-icon\" tabindex=\"-1\" aria-label=\"KONFERENSSIT\">\n\t\t\t\t<svg aria-hidden=\"true\" class=\"e-font-icon-svg e-fas-people-arrows\" viewBox=\"0 0 576 512\" xmlns=\"http:\/\/www.w3.org\/2000\/svg\"><path d=\"M96,128A64,64,0,1,0,32,64,64,64,0,0,0,96,128Zm0,176.08a44.11,44.11,0,0,1,13.64-32L181.77,204c1.65-1.55,3.77-2.31,5.61-3.57A63.91,63.91,0,0,0,128,160H64A64,64,0,0,0,0,224v96a32,32,0,0,0,32,32V480a32,32,0,0,0,32,32h64a32,32,0,0,0,32-32V383.61l-50.36-47.53A44.08,44.08,0,0,1,96,304.08ZM480,128a64,64,0,1,0-64-64A64,64,0,0,0,480,128Zm32,32H448a63.91,63.91,0,0,0-59.38,40.42c1.84,1.27,4,2,5.62,3.59l72.12,68.06a44.37,44.37,0,0,1,0,64L416,383.62V480a32,32,0,0,0,32,32h64a32,32,0,0,0,32-32V352a32,32,0,0,0,32-32V224A64,64,0,0,0,512,160ZM444.4,295.34l-72.12-68.06A12,12,0,0,0,352,236v36H224V236a12,12,0,0,0-20.28-8.73L131.6,295.34a12.4,12.4,0,0,0,0,17.47l72.12,68.07A12,12,0,0,0,224,372.14V336H352v36.14a12,12,0,0,0,20.28,8.74l72.12-68.07A12.4,12.4,0,0,0,444.4,295.34Z\"><\/path><\/svg>\t\t\t\t<\/a>\n\t\t\t<\/div>\n\t\t\t\n\t\t\t\t\t\t<div class=\"elementor-icon-box-content\">\n\n\t\t\t\t\t\t\t\t\t<h5 class=\"elementor-icon-box-title\">\n\t\t\t\t\t\t<a href=\"https:\/\/www.telemedicine.fi\/konferenssit\/\" target=\"_blank\">\n\t\t\t\t\t\t\tKONFERENSSIT\t\t\t\t\t\t<\/a>\n\t\t\t\t\t<\/h5>\n\t\t\t\t\n\t\t\t\t\n\t\t\t<\/div>\n\t\t\t\n\t\t<\/div>\n\t\t\t\t\t\t<\/div>\n\t\t\t\t<\/div>\n\t\t\t\t<div class=\"elementor-element elementor-element-7975222 elementor-align-center elementor-mobile-align-left elementor-widget elementor-widget-button\" data-id=\"7975222\" data-element_type=\"widget\" data-e-type=\"widget\" data-widget_type=\"button.default\">\n\t\t\t\t<div class=\"elementor-widget-container\">\n\t\t\t\t\t\t\t\t\t<div class=\"elementor-button-wrapper\">\n\t\t\t\t\t<a class=\"elementor-button elementor-button-link elementor-size-sm\" href=\"https:\/\/www.telemedicine.fi\/konferenssit\/\">\n\t\t\t\t\t\t<span class=\"elementor-button-content-wrapper\">\n\t\t\t\t\t\t<span class=\"elementor-button-icon\">\n\t\t\t\t<svg aria-hidden=\"true\" class=\"e-font-icon-svg e-fas-long-arrow-alt-right\" viewBox=\"0 0 448 512\" xmlns=\"http:\/\/www.w3.org\/2000\/svg\"><path d=\"M313.941 216H12c-6.627 0-12 5.373-12 12v56c0 6.627 5.373 12 12 12h301.941v46.059c0 21.382 25.851 32.09 40.971 16.971l86.059-86.059c9.373-9.373 9.373-24.569 0-33.941l-86.059-86.059c-15.119-15.119-40.971-4.411-40.971 16.971V216z\"><\/path><\/svg>\t\t\t<\/span>\n\t\t\t\t\t\t\t\t\t<span class=\"elementor-button-text\">Lue lis\u00e4\u00e4 konferensseistamme<\/span>\n\t\t\t\t\t<\/span>\n\t\t\t\t\t<\/a>\n\t\t\t\t<\/div>\n\t\t\t\t\t\t\t\t<\/div>\n\t\t\t\t<\/div>\n\t\t\t\t<\/div>\n\t\t\t\t<\/div>\n\t\t\t\t\t<\/div>\n\t\t\t\t<\/div>\n\t\t<div class=\"elementor-element elementor-element-ec570b2 e-flex e-con-boxed wpr-particle-no wpr-jarallax-no wpr-parallax-no wpr-sticky-section-no wpr-equal-height-no e-con e-parent\" data-id=\"ec570b2\" data-element_type=\"container\" data-e-type=\"container\">\n\t\t\t\t\t<div class=\"e-con-inner\">\n\t\t\t\t<div class=\"elementor-element elementor-element-7f06bb1 wpr-grid-columns-1 wpr-grid-columns--tablet1 wpr-grid-columns--mobile1 wpr-grid-pagination-center wpr-item-styles-inner elementor-widget elementor-widget-wpr-grid\" data-id=\"7f06bb1\" data-element_type=\"widget\" data-e-type=\"widget\" data-widget_type=\"wpr-grid.default\">\n\t\t\t\t<div class=\"elementor-widget-container\">\n\t\t\t\t\t<ul class=\"wpr-grid-filters elementor-clearfix wpr-grid-filters-sep-right\"><li class=\" wpr-pointer-none wpr-pointer-line-fx wpr-pointer-fx-none\"><span  data-filter=\"*\" class=\"wpr-grid-filters-item wpr-active-filter \">Suodata sis\u00e4lt\u00f6\u00e4 kategorialla<\/span><em class=\"wpr-grid-filters-sep\"><\/em><\/li><li class=\" wpr-pointer-none wpr-pointer-line-fx wpr-pointer-fx-none\"><span   data-ajax-filter=[\"category\",\"webinaari\"]  data-filter=\".category-webinaari\">webinaari<\/span><em class=\"wpr-grid-filters-sep\"><\/em><\/li><li class=\" wpr-pointer-none wpr-pointer-line-fx wpr-pointer-fx-none\"><span   data-ajax-filter=[\"category\",\"konferenssi\"]  data-filter=\".category-konferenssi\">konferenssi<\/span><em class=\"wpr-grid-filters-sep\"><\/em><\/li><\/ul><section class=\"wpr-grid elementor-clearfix\" data-settings=\"{&quot;layout&quot;:&quot;list&quot;,&quot;stick_last_element_to_bottom&quot;:&quot;no&quot;,&quot;columns_desktop&quot;:&quot;1&quot;,&quot;gutter_hr&quot;:15,&quot;gutter_hr_mobile&quot;:15,&quot;gutter_hr_mobile_extra&quot;:15,&quot;gutter_hr_tablet&quot;:15,&quot;gutter_hr_tablet_extra&quot;:15,&quot;gutter_hr_laptop&quot;:15,&quot;gutter_hr_widescreen&quot;:15,&quot;gutter_vr&quot;:15,&quot;gutter_vr_mobile&quot;:15,&quot;gutter_vr_mobile_extra&quot;:15,&quot;gutter_vr_tablet&quot;:15,&quot;gutter_vr_tablet_extra&quot;:15,&quot;gutter_vr_laptop&quot;:15,&quot;gutter_vr_widescreen&quot;:15,&quot;animation&quot;:&quot;default&quot;,&quot;animation_duration&quot;:0.3,&quot;animation_delay&quot;:0.1,&quot;deeplinking&quot;:&quot;&quot;,&quot;filters_linkable&quot;:&quot;&quot;,&quot;filters_default_filter&quot;:&quot;&quot;,&quot;filters_count&quot;:&quot;&quot;,&quot;filters_hide_empty&quot;:&quot;&quot;,&quot;filters_animation&quot;:&quot;default&quot;,&quot;filters_animation_duration&quot;:0.3,&quot;filters_animation_delay&quot;:0.1,&quot;pagination_type&quot;:&quot;load-more&quot;,&quot;pagination_max_pages&quot;:1,&quot;media_align&quot;:&quot;left&quot;,&quot;media_width&quot;:0,&quot;media_distance&quot;:1,&quot;lightbox&quot;:{&quot;selector&quot;:&quot;.wpr-grid-image-wrap&quot;,&quot;iframeMaxWidth&quot;:&quot;60%&quot;,&quot;hash&quot;:false,&quot;autoplay&quot;:&quot;true&quot;,&quot;pause&quot;:5000,&quot;progressBar&quot;:&quot;true&quot;,&quot;counter&quot;:&quot;true&quot;,&quot;controls&quot;:&quot;true&quot;,&quot;getCaptionFromTitleOrAlt&quot;:&quot;true&quot;,&quot;thumbnail&quot;:&quot;&quot;,&quot;showThumbByDefault&quot;:&quot;&quot;,&quot;share&quot;:&quot;&quot;,&quot;zoom&quot;:&quot;true&quot;,&quot;fullScreen&quot;:&quot;true&quot;,&quot;download&quot;:&quot;true&quot;}}\" data-advanced-filters=\"no\"><article class=\"wpr-grid-item elementor-clearfix post-3985 post type-post status-publish format-standard hentry category-webinaari\"><div class=\"wpr-grid-item-inner\"><div class=\"wpr-grid-item-below-content elementor-clearfix\"><div class=\"wpr-grid-item-category elementor-repeater-item-705c2f8 wpr-grid-item-display-block wpr-grid-item-align-left wpr-pointer-none wpr-pointer-line-fx wpr-pointer-fx-fade wpr-grid-tax-style-1\"><div class=\"inner-block\"><a class=\" wpr-tax-id-16\" href=\"https:\/\/www.telemedicine.fi\/en\/category\/webinaari\/\">webinaari<\/a><\/div><\/div><h2 class=\"wpr-grid-item-title elementor-repeater-item-e185fa8 wpr-grid-item-display-block wpr-grid-item-align-left wpr-pointer-none wpr-pointer-line-fx wpr-pointer-fx-fade\"><div class=\"inner-block\"><a target=\"_self\" href=\"https:\/\/www.telemedicine.fi\/en\/isfteh-webinaari-11-3-2026\/\">ISfTeH webinaari 11.3.2026<\/a><\/div><\/h2><div class=\"wpr-grid-item-excerpt elementor-repeater-item-7e5f630 wpr-grid-item-display-block wpr-grid-item-align-left\"><div class=\"inner-block\"><p>Maaliskuun ISfTeH webinaarin teemana on\u00a0 &#8221;Breaking Silos; Creating a Connected Healthy System In Nigeria&#8221;. Webinaari j\u00e4rjeset\u00e4\u00e4n Zoomissa 11.3.2026 klo 16.00...<\/p><\/div><\/div><div class=\"wpr-grid-item-read-more elementor-repeater-item-d036234 wpr-grid-item-display-block wpr-grid-item-align-left\"><div class=\"inner-block\"><a target=\"_self\" href=\"https:\/\/www.telemedicine.fi\/en\/isfteh-webinaari-11-3-2026\/\" class=\"wpr-button-effect wpr-button-none\"><span>Lue lis\u00e4\u00e4<\/span><\/a><\/div><\/div><\/div><\/div><\/article><article class=\"wpr-grid-item elementor-clearfix post-3960 post type-post status-publish format-standard hentry category-webinaari\"><div class=\"wpr-grid-item-inner\"><div class=\"wpr-grid-item-below-content elementor-clearfix\"><div class=\"wpr-grid-item-category elementor-repeater-item-705c2f8 wpr-grid-item-display-block wpr-grid-item-align-left wpr-pointer-none wpr-pointer-line-fx wpr-pointer-fx-fade wpr-grid-tax-style-1\"><div class=\"inner-block\"><a class=\" wpr-tax-id-16\" href=\"https:\/\/www.telemedicine.fi\/en\/category\/webinaari\/\">webinaari<\/a><\/div><\/div><h2 class=\"wpr-grid-item-title elementor-repeater-item-e185fa8 wpr-grid-item-display-block wpr-grid-item-align-left wpr-pointer-none wpr-pointer-line-fx wpr-pointer-fx-fade\"><div class=\"inner-block\"><a target=\"_self\" href=\"https:\/\/www.telemedicine.fi\/en\/isfteh-webinar-telemedicine-to-ai-building-indias-digital-health-ecosystem\/\">ISfTeH Webinar 11.2.2026 &#8211; Telemedicine to AI: Building India\u2019s Digital Health Ecosystem<\/a><\/div><\/h2><div class=\"wpr-grid-item-excerpt elementor-repeater-item-7e5f630 wpr-grid-item-display-block wpr-grid-item-align-left\"><div class=\"inner-block\"><p>Welcome to the ISfTeH Webinar You\u2019re warmly invited to join this international webinar, \u201cTelemedicine to AI: Building India\u2019s Digital Health...<\/p><\/div><\/div><div class=\"wpr-grid-item-read-more elementor-repeater-item-d036234 wpr-grid-item-display-block wpr-grid-item-align-left\"><div class=\"inner-block\"><a target=\"_self\" href=\"https:\/\/www.telemedicine.fi\/en\/isfteh-webinar-telemedicine-to-ai-building-indias-digital-health-ecosystem\/\" class=\"wpr-button-effect wpr-button-none\"><span>Lue lis\u00e4\u00e4<\/span><\/a><\/div><\/div><\/div><\/div><\/article><article class=\"wpr-grid-item elementor-clearfix post-3922 post type-post status-publish format-standard hentry category-webinaari\"><div class=\"wpr-grid-item-inner\"><div class=\"wpr-grid-item-below-content elementor-clearfix\"><div class=\"wpr-grid-item-category elementor-repeater-item-705c2f8 wpr-grid-item-display-block wpr-grid-item-align-left wpr-pointer-none wpr-pointer-line-fx wpr-pointer-fx-fade wpr-grid-tax-style-1\"><div class=\"inner-block\"><a class=\" wpr-tax-id-16\" href=\"https:\/\/www.telemedicine.fi\/en\/category\/webinaari\/\">webinaari<\/a><\/div><\/div><h2 class=\"wpr-grid-item-title elementor-repeater-item-e185fa8 wpr-grid-item-display-block wpr-grid-item-align-left wpr-pointer-none wpr-pointer-line-fx wpr-pointer-fx-fade\"><div class=\"inner-block\"><a target=\"_self\" href=\"https:\/\/www.telemedicine.fi\/en\/webinar-effectiveness-of-digital-health-care-services-case-studies-from-finland\/\">Webinar: Effectiveness of Digital Health Care Services &#8211; Case Studies from Finland<\/a><\/div><\/h2><div class=\"wpr-grid-item-excerpt elementor-repeater-item-7e5f630 wpr-grid-item-display-block wpr-grid-item-align-left\"><div class=\"inner-block\"><p>This session is part of a new series of webinars, organized by national member societies of the International Society for...<\/p><\/div><\/div><div class=\"wpr-grid-item-read-more elementor-repeater-item-d036234 wpr-grid-item-display-block wpr-grid-item-align-left\"><div class=\"inner-block\"><a target=\"_self\" href=\"https:\/\/www.telemedicine.fi\/en\/webinar-effectiveness-of-digital-health-care-services-case-studies-from-finland\/\" class=\"wpr-button-effect wpr-button-none\"><span>Lue lis\u00e4\u00e4<\/span><\/a><\/div><\/div><\/div><\/div><\/article><article class=\"wpr-grid-item elementor-clearfix post-3868 post type-post status-publish format-standard hentry category-webinaari\"><div class=\"wpr-grid-item-inner\"><div class=\"wpr-grid-item-below-content elementor-clearfix\"><div class=\"wpr-grid-item-category elementor-repeater-item-705c2f8 wpr-grid-item-display-block wpr-grid-item-align-left wpr-pointer-none wpr-pointer-line-fx wpr-pointer-fx-fade wpr-grid-tax-style-1\"><div class=\"inner-block\"><a class=\" wpr-tax-id-16\" href=\"https:\/\/www.telemedicine.fi\/en\/category\/webinaari\/\">webinaari<\/a><\/div><\/div><h2 class=\"wpr-grid-item-title elementor-repeater-item-e185fa8 wpr-grid-item-display-block wpr-grid-item-align-left wpr-pointer-none wpr-pointer-line-fx wpr-pointer-fx-fade\"><div class=\"inner-block\"><a target=\"_self\" href=\"https:\/\/www.telemedicine.fi\/en\/webinaari-12-11-2025-klo-15-16\/\">Webinaari 12.11.2025 Et\u00e4palvelut arjen tukena<\/a><\/div><\/h2><div class=\"wpr-grid-item-excerpt elementor-repeater-item-7e5f630 wpr-grid-item-display-block wpr-grid-item-align-left\"><div class=\"inner-block\"><p>Et\u00e4palvelut arjen tukena 12.11.2025 klo 15-16 Tilaisuuden juontajan toimii Jari Numminen Alustajina: Karoliina Silvola, Pohde Meeri Mustonen ja Laura Aarikka,...<\/p><\/div><\/div><div class=\"wpr-grid-item-read-more elementor-repeater-item-d036234 wpr-grid-item-display-block wpr-grid-item-align-left\"><div class=\"inner-block\"><a target=\"_self\" href=\"https:\/\/www.telemedicine.fi\/en\/webinaari-12-11-2025-klo-15-16\/\" class=\"wpr-button-effect wpr-button-none\"><span>Lue lis\u00e4\u00e4<\/span><\/a><\/div><\/div><\/div><\/div><\/article><article class=\"wpr-grid-item elementor-clearfix post-3862 post type-post status-publish format-standard has-post-thumbnail hentry category-konferenssi\"><div class=\"wpr-grid-item-inner\"><div class=\"wpr-grid-media-wrap wpr-effect-size-medium \" data-overlay-link=\"yes\"><div class=\"wpr-grid-image-wrap\" data-src=\"https:\/\/www.telemedicine.fi\/wp-content\/uploads\/2025\/11\/Designer.png\" data-img-on-hover=\"\"  data-src-secondary=\"\"><img decoding=\"async\" data-no-lazy=\"1\" src=\"https:\/\/www.telemedicine.fi\/wp-content\/uploads\/2025\/11\/Designer.png\" alt=\"liukuv\u00e4ritaustalla konferenssin teeman otsikko, kaksi ihmishahmoa tarkastelemassa tablet-tietokonetta\" class=\"wpr-anim-timing-ease-default\"><\/div><div class=\"wpr-grid-media-hover wpr-animation-wrap\"><div class=\"wpr-grid-media-hover-bg  wpr-overlay-fade-in wpr-anim-size-large wpr-anim-timing-ease-default wpr-anim-transparency\" data-url=\"https:\/\/www.telemedicine.fi\/en\/ehealth2026\/\"><\/div><\/div><\/div><div class=\"wpr-grid-item-below-content elementor-clearfix\"><div class=\"wpr-grid-item-category elementor-repeater-item-705c2f8 wpr-grid-item-display-block wpr-grid-item-align-left wpr-pointer-none wpr-pointer-line-fx wpr-pointer-fx-fade wpr-grid-tax-style-1\"><div class=\"inner-block\"><a class=\" wpr-tax-id-34\" href=\"https:\/\/www.telemedicine.fi\/en\/category\/konferenssi\/\">konferenssi<\/a><\/div><\/div><h2 class=\"wpr-grid-item-title elementor-repeater-item-e185fa8 wpr-grid-item-display-block wpr-grid-item-align-left wpr-pointer-none wpr-pointer-line-fx wpr-pointer-fx-fade\"><div class=\"inner-block\"><a target=\"_self\" href=\"https:\/\/www.telemedicine.fi\/en\/ehealth2026\/\">eHealth2026 &#8211; kansainv\u00e4linen konferenssi 1.-2.10.2026<\/a><\/div><\/h2><div class=\"wpr-grid-item-excerpt elementor-repeater-item-7e5f630 wpr-grid-item-display-block wpr-grid-item-align-left\"><div class=\"inner-block\"><p>#eHealth2026 Helsingiss\u00e4 1.-2.10.2026 Seuran vuosittainen konferenssi j\u00e4rjestet\u00e4\u00e4n vuonna 2026 Helsingin yliopiston p\u00e4\u00e4rakennuksessa. #eHealth2026 kokoaa yhteen sosiaali-, terveys-, kuntoutus-, ja teknologia-alan...<\/p><\/div><\/div><div class=\"wpr-grid-item-read-more elementor-repeater-item-d036234 wpr-grid-item-display-block wpr-grid-item-align-left\"><div class=\"inner-block\"><a target=\"_self\" href=\"https:\/\/www.telemedicine.fi\/en\/ehealth2026\/\" class=\"wpr-button-effect wpr-button-none\"><span>Lue lis\u00e4\u00e4<\/span><\/a><\/div><\/div><\/div><\/div><\/article><article class=\"wpr-grid-item elementor-clearfix post-2730 post type-post status-publish format-standard has-post-thumbnail hentry category-konferenssi\"><div class=\"wpr-grid-item-inner\"><div class=\"wpr-grid-media-wrap wpr-effect-size-medium \" data-overlay-link=\"yes\"><div class=\"wpr-grid-image-wrap\" data-src=\"https:\/\/www.telemedicine.fi\/wp-content\/uploads\/2025\/03\/STeHS-konferenssi-2025.jpg\" data-img-on-hover=\"\"  data-src-secondary=\"\"><img decoding=\"async\" data-no-lazy=\"1\" src=\"https:\/\/www.telemedicine.fi\/wp-content\/uploads\/2025\/03\/STeHS-konferenssi-2025.jpg\" alt=\"STeHS konferenssi 2025\" class=\"wpr-anim-timing-ease-default\"><\/div><div class=\"wpr-grid-media-hover wpr-animation-wrap\"><div class=\"wpr-grid-media-hover-bg  wpr-overlay-fade-in wpr-anim-size-large wpr-anim-timing-ease-default wpr-anim-transparency\" data-url=\"https:\/\/www.telemedicine.fi\/en\/seura-30-vuotta-juhlakonferenssiristeily-ehealth2025\/\"><\/div><\/div><\/div><div class=\"wpr-grid-item-below-content elementor-clearfix\"><div class=\"wpr-grid-item-category elementor-repeater-item-705c2f8 wpr-grid-item-display-block wpr-grid-item-align-left wpr-pointer-none wpr-pointer-line-fx wpr-pointer-fx-fade wpr-grid-tax-style-1\"><div class=\"inner-block\"><a class=\" wpr-tax-id-34\" href=\"https:\/\/www.telemedicine.fi\/en\/category\/konferenssi\/\">konferenssi<\/a><\/div><\/div><h2 class=\"wpr-grid-item-title elementor-repeater-item-e185fa8 wpr-grid-item-display-block wpr-grid-item-align-left wpr-pointer-none wpr-pointer-line-fx wpr-pointer-fx-fade\"><div class=\"inner-block\"><a target=\"_self\" href=\"https:\/\/www.telemedicine.fi\/en\/seura-30-vuotta-juhlakonferenssiristeily-ehealth2025\/\">Seura 30 vuotta &#8211; juhlakonferenssiristeily #eHealth2025<\/a><\/div><\/h2><div class=\"wpr-grid-item-excerpt elementor-repeater-item-7e5f630 wpr-grid-item-display-block wpr-grid-item-align-left\"><div class=\"inner-block\"><p>Seuramme juhlisti vuonna 2025 merkitt\u00e4v\u00e4\u00e4 virstanpylv\u00e4st\u00e4 eli 30-vuotisjuhlavuotta! Sen kunniaksi j\u00e4rjestimme vuotuisen p\u00e4\u00e4tapahtumamme laivakonferenssina Helsingist\u00e4 Tukholmaan Ms Gabriellalla 17.\u201319.9.2025 teemalla...<\/p><\/div><\/div><div class=\"wpr-grid-item-read-more elementor-repeater-item-d036234 wpr-grid-item-display-block wpr-grid-item-align-left\"><div class=\"inner-block\"><a target=\"_self\" href=\"https:\/\/www.telemedicine.fi\/en\/seura-30-vuotta-juhlakonferenssiristeily-ehealth2025\/\" class=\"wpr-button-effect wpr-button-none\"><span>Lue lis\u00e4\u00e4<\/span><\/a><\/div><\/div><\/div><\/div><\/article><article class=\"wpr-grid-item elementor-clearfix post-2521 post type-post status-publish format-standard hentry category-konferenssi\"><div class=\"wpr-grid-item-inner\"><div class=\"wpr-grid-item-below-content elementor-clearfix\"><div class=\"wpr-grid-item-category elementor-repeater-item-705c2f8 wpr-grid-item-display-block wpr-grid-item-align-left wpr-pointer-none wpr-pointer-line-fx wpr-pointer-fx-fade wpr-grid-tax-style-1\"><div class=\"inner-block\"><a class=\" wpr-tax-id-34\" href=\"https:\/\/www.telemedicine.fi\/en\/category\/konferenssi\/\">konferenssi<\/a><\/div><\/div><h2 class=\"wpr-grid-item-title elementor-repeater-item-e185fa8 wpr-grid-item-display-block wpr-grid-item-align-left wpr-pointer-none wpr-pointer-line-fx wpr-pointer-fx-fade\"><div class=\"inner-block\"><a target=\"_self\" href=\"https:\/\/www.telemedicine.fi\/en\/29th-ehealth2024-international-conference-2024\/\">29th #eHealth2024 international conference 2024<\/a><\/div><\/h2><div class=\"wpr-grid-item-excerpt elementor-repeater-item-7e5f630 wpr-grid-item-display-block wpr-grid-item-align-left\"><div class=\"inner-block\"><p>From Research to Impact on Digital Health and Welfare Services Virallinen tapahtumasivusto: https:\/\/events.tuni.fi\/ehealth2024\/ \u00a0 29th #eHealth2024 CONFERENCE THEMES From research...<\/p><\/div><\/div><div class=\"wpr-grid-item-read-more elementor-repeater-item-d036234 wpr-grid-item-display-block wpr-grid-item-align-left\"><div class=\"inner-block\"><a target=\"_self\" href=\"https:\/\/www.telemedicine.fi\/en\/29th-ehealth2024-international-conference-2024\/\" class=\"wpr-button-effect wpr-button-none\"><span>Lue lis\u00e4\u00e4<\/span><\/a><\/div><\/div><\/div><\/div><\/article><article class=\"wpr-grid-item elementor-clearfix post-1979 post type-post status-publish format-standard hentry category-webinaari tag-digitaaliset-palvelut tag-vaikuttavuus tag-webinaari\"><div class=\"wpr-grid-item-inner\"><div class=\"wpr-grid-item-below-content elementor-clearfix\"><div class=\"wpr-grid-item-category elementor-repeater-item-705c2f8 wpr-grid-item-display-block wpr-grid-item-align-left wpr-pointer-none wpr-pointer-line-fx wpr-pointer-fx-fade wpr-grid-tax-style-1\"><div class=\"inner-block\"><a class=\" wpr-tax-id-16\" href=\"https:\/\/www.telemedicine.fi\/en\/category\/webinaari\/\">webinaari<\/a><\/div><\/div><h2 class=\"wpr-grid-item-title elementor-repeater-item-e185fa8 wpr-grid-item-display-block wpr-grid-item-align-left wpr-pointer-none wpr-pointer-line-fx wpr-pointer-fx-fade\"><div class=\"inner-block\"><a target=\"_self\" href=\"https:\/\/www.telemedicine.fi\/en\/webinaari-21-3-2024-vaikuttavuus-digitaalisissa-terveyspalveluissa\/\">Webinaari 21.3.2024 Vaikuttavuus digitaalisissa terveyspalveluissa<\/a><\/div><\/h2><div class=\"wpr-grid-item-excerpt elementor-repeater-item-7e5f630 wpr-grid-item-display-block wpr-grid-item-align-left\"><div class=\"inner-block\"><p>Vaikuttavuus digitaalisissa terveyspalveluissa. Webinaari 21.3.2024 klo 15-16 Kansallisen ohjauksen n\u00e4k\u00f6kulma. STM Vesa Jormanainen Terveyskyl\u00e4n s\u00e4hk\u00f6isten palvelupolkujen vaikuttavuus Jaana Kotila Omaolon...<\/p><\/div><\/div><div class=\"wpr-grid-item-read-more elementor-repeater-item-d036234 wpr-grid-item-display-block wpr-grid-item-align-left\"><div class=\"inner-block\"><a target=\"_self\" href=\"https:\/\/www.telemedicine.fi\/en\/webinaari-21-3-2024-vaikuttavuus-digitaalisissa-terveyspalveluissa\/\" class=\"wpr-button-effect wpr-button-none\"><span>Lue lis\u00e4\u00e4<\/span><\/a><\/div><\/div><\/div><\/div><\/article><article class=\"wpr-grid-item elementor-clearfix post-2586 post type-post status-publish format-standard hentry category-konferenssi\"><div class=\"wpr-grid-item-inner\"><div class=\"wpr-grid-item-below-content elementor-clearfix\"><div class=\"wpr-grid-item-category elementor-repeater-item-705c2f8 wpr-grid-item-display-block wpr-grid-item-align-left wpr-pointer-none wpr-pointer-line-fx wpr-pointer-fx-fade wpr-grid-tax-style-1\"><div class=\"inner-block\"><a class=\" wpr-tax-id-34\" href=\"https:\/\/www.telemedicine.fi\/en\/category\/konferenssi\/\">konferenssi<\/a><\/div><\/div><h2 class=\"wpr-grid-item-title elementor-repeater-item-e185fa8 wpr-grid-item-display-block wpr-grid-item-align-left wpr-pointer-none wpr-pointer-line-fx wpr-pointer-fx-fade\"><div class=\"inner-block\"><a target=\"_self\" href=\"https:\/\/www.telemedicine.fi\/en\/ehealth2023-kansainvalinen-konferenssi-2023\/\">eHealth2023 &#8211; kansainv\u00e4linen konferenssi 2023<\/a><\/div><\/h2><div class=\"wpr-grid-item-excerpt elementor-repeater-item-7e5f630 wpr-grid-item-display-block wpr-grid-item-align-left\"><div class=\"inner-block\"><p>Seminaari j\u00e4rjestettiin Vantaan Tikkurilassa Laurean kampuksella 12.-13.10.2023 Main theme: Human oriented approach in eHealth and digital services&nbsp; Ilmoittautuminen, ajantasainen ohjelma...<\/p><\/div><\/div><div class=\"wpr-grid-item-read-more elementor-repeater-item-d036234 wpr-grid-item-display-block wpr-grid-item-align-left\"><div class=\"inner-block\"><a target=\"_self\" href=\"https:\/\/www.telemedicine.fi\/en\/ehealth2023-kansainvalinen-konferenssi-2023\/\" class=\"wpr-button-effect wpr-button-none\"><span>Lue lis\u00e4\u00e4<\/span><\/a><\/div><\/div><\/div><\/div><\/article><article class=\"wpr-grid-item elementor-clearfix post-1988 post type-post status-publish format-standard hentry category-webinaari tag-osallisuus tag-webinaari\"><div class=\"wpr-grid-item-inner\"><div class=\"wpr-grid-item-below-content elementor-clearfix\"><div class=\"wpr-grid-item-category elementor-repeater-item-705c2f8 wpr-grid-item-display-block wpr-grid-item-align-left wpr-pointer-none wpr-pointer-line-fx wpr-pointer-fx-fade wpr-grid-tax-style-1\"><div class=\"inner-block\"><a class=\" wpr-tax-id-16\" href=\"https:\/\/www.telemedicine.fi\/en\/category\/webinaari\/\">webinaari<\/a><\/div><\/div><h2 class=\"wpr-grid-item-title elementor-repeater-item-e185fa8 wpr-grid-item-display-block wpr-grid-item-align-left wpr-pointer-none wpr-pointer-line-fx wpr-pointer-fx-fade\"><div class=\"inner-block\"><a target=\"_self\" href=\"https:\/\/www.telemedicine.fi\/en\/digiosallisuus-webinaari-10-5-2023\/\">Digiosallisuus webinaari 10.5.2023<\/a><\/div><\/h2><div class=\"wpr-grid-item-excerpt elementor-repeater-item-7e5f630 wpr-grid-item-display-block wpr-grid-item-align-left\"><div class=\"inner-block\"><p>Keskustelijoina Birgitta Tetri, DigiIn -hanke, Laurea Minna Piirainen,\u00a0Johtava asiantuntija, digituki, DVV Marika J\u00e4rvinen, Asiakaskokemusp\u00e4\u00e4llikk\u00f6, Pirha Joonas Lepp\u00e4nen, Johtava asiantuntija, Uudet...<\/p><\/div><\/div><div class=\"wpr-grid-item-read-more elementor-repeater-item-d036234 wpr-grid-item-display-block wpr-grid-item-align-left\"><div class=\"inner-block\"><a target=\"_self\" href=\"https:\/\/www.telemedicine.fi\/en\/digiosallisuus-webinaari-10-5-2023\/\" class=\"wpr-button-effect wpr-button-none\"><span>Lue lis\u00e4\u00e4<\/span><\/a><\/div><\/div><\/div><\/div><\/article><article class=\"wpr-grid-item elementor-clearfix post-1990 post type-post status-publish format-standard hentry category-webinaari tag-digitaalisuus tag-diversiteetti tag-webinaari\"><div class=\"wpr-grid-item-inner\"><div class=\"wpr-grid-item-below-content elementor-clearfix\"><div class=\"wpr-grid-item-category elementor-repeater-item-705c2f8 wpr-grid-item-display-block wpr-grid-item-align-left wpr-pointer-none wpr-pointer-line-fx wpr-pointer-fx-fade wpr-grid-tax-style-1\"><div class=\"inner-block\"><a class=\" wpr-tax-id-16\" href=\"https:\/\/www.telemedicine.fi\/en\/category\/webinaari\/\">webinaari<\/a><\/div><\/div><h2 class=\"wpr-grid-item-title elementor-repeater-item-e185fa8 wpr-grid-item-display-block wpr-grid-item-align-left wpr-pointer-none wpr-pointer-line-fx wpr-pointer-fx-fade\"><div class=\"inner-block\"><a target=\"_self\" href=\"https:\/\/www.telemedicine.fi\/en\/diversity-of-womens-roles-in-digital-health-webinar-23-2-2023\/\">Diversity of Women&#8217;s Roles in Digital Health &#8211; Webinar &#8211; 23.2.2023<\/a><\/div><\/h2><div class=\"wpr-grid-item-excerpt elementor-repeater-item-7e5f630 wpr-grid-item-display-block wpr-grid-item-align-left\"><div class=\"inner-block\"><p>The ISfTeH Nursing and Midwifery Working Group (TWG) and the ISfTeH Working Group on Women (WoW) present a webinar on...<\/p><\/div><\/div><div class=\"wpr-grid-item-read-more elementor-repeater-item-d036234 wpr-grid-item-display-block wpr-grid-item-align-left\"><div class=\"inner-block\"><a target=\"_self\" href=\"https:\/\/www.telemedicine.fi\/en\/diversity-of-womens-roles-in-digital-health-webinar-23-2-2023\/\" class=\"wpr-button-effect wpr-button-none\"><span>Lue lis\u00e4\u00e4<\/span><\/a><\/div><\/div><\/div><\/div><\/article><article class=\"wpr-grid-item elementor-clearfix post-2581 post type-post status-publish format-standard hentry category-konferenssi\"><div class=\"wpr-grid-item-inner\"><div class=\"wpr-grid-item-below-content elementor-clearfix\"><div class=\"wpr-grid-item-category elementor-repeater-item-705c2f8 wpr-grid-item-display-block wpr-grid-item-align-left wpr-pointer-none wpr-pointer-line-fx wpr-pointer-fx-fade wpr-grid-tax-style-1\"><div class=\"inner-block\"><a class=\" wpr-tax-id-34\" href=\"https:\/\/www.telemedicine.fi\/en\/category\/konferenssi\/\">konferenssi<\/a><\/div><\/div><h2 class=\"wpr-grid-item-title elementor-repeater-item-e185fa8 wpr-grid-item-display-block wpr-grid-item-align-left wpr-pointer-none wpr-pointer-line-fx wpr-pointer-fx-fade\"><div class=\"inner-block\"><a target=\"_self\" href=\"https:\/\/www.telemedicine.fi\/en\/ehealth2022-kansainvalinen-konferenssi-2022\/\">eHealth2022 &#8211; kansainv\u00e4linen konferenssi 2022<\/a><\/div><\/h2><div class=\"wpr-grid-item-excerpt elementor-repeater-item-7e5f630 wpr-grid-item-display-block wpr-grid-item-align-left\"><div class=\"inner-block\"><p>#eHealth2022 \u2013 International Conference &amp; The 27th Finnish National Conference on Telemedicine and eHealth Digital Health &#8211; from Research to...<\/p><\/div><\/div><div class=\"wpr-grid-item-read-more elementor-repeater-item-d036234 wpr-grid-item-display-block wpr-grid-item-align-left\"><div class=\"inner-block\"><a target=\"_self\" href=\"https:\/\/www.telemedicine.fi\/en\/ehealth2022-kansainvalinen-konferenssi-2022\/\" class=\"wpr-button-effect wpr-button-none\"><span>Lue lis\u00e4\u00e4<\/span><\/a><\/div><\/div><\/div><\/div><\/article><article class=\"wpr-grid-item elementor-clearfix post-1985 post type-post status-publish format-standard hentry category-webinaari tag-ikaihminen tag-robotiikka tag-webinaari\"><div class=\"wpr-grid-item-inner\"><div class=\"wpr-grid-item-below-content elementor-clearfix\"><div class=\"wpr-grid-item-category elementor-repeater-item-705c2f8 wpr-grid-item-display-block wpr-grid-item-align-left wpr-pointer-none wpr-pointer-line-fx wpr-pointer-fx-fade wpr-grid-tax-style-1\"><div class=\"inner-block\"><a class=\" wpr-tax-id-16\" href=\"https:\/\/www.telemedicine.fi\/en\/category\/webinaari\/\">webinaari<\/a><\/div><\/div><h2 class=\"wpr-grid-item-title elementor-repeater-item-e185fa8 wpr-grid-item-display-block wpr-grid-item-align-left wpr-pointer-none wpr-pointer-line-fx wpr-pointer-fx-fade\"><div class=\"inner-block\"><a target=\"_self\" href=\"https:\/\/www.telemedicine.fi\/en\/robotiikka-ikaihmisten-elamassa-webinaari-14-9-2022\/\">Robotiikka ik\u00e4ihmisten el\u00e4m\u00e4ss\u00e4 -webinaari 14.9.2022<\/a><\/div><\/h2><div class=\"wpr-grid-item-excerpt elementor-repeater-item-7e5f630 wpr-grid-item-display-block wpr-grid-item-align-left\"><div class=\"inner-block\"><p>STeHS:n ja STTY:n webinaari 14.9.2022 klo. 15-16 keskustelemaan Aiheena\u00a0Robotiikka\u00a0ik\u00e4ihmisten el\u00e4m\u00e4ss\u00e4. Alustuksia seuraavista n\u00e4k\u00f6kulmista: \u201dOsa optimoinnista jatkuvaan yhteisty\u00f6h\u00f6n.\u201d Heidi Anttila THL,...<\/p><\/div><\/div><div class=\"wpr-grid-item-read-more elementor-repeater-item-d036234 wpr-grid-item-display-block wpr-grid-item-align-left\"><div class=\"inner-block\"><a target=\"_self\" href=\"https:\/\/www.telemedicine.fi\/en\/robotiikka-ikaihmisten-elamassa-webinaari-14-9-2022\/\" class=\"wpr-button-effect wpr-button-none\"><span>Lue lis\u00e4\u00e4<\/span><\/a><\/div><\/div><\/div><\/div><\/article><article class=\"wpr-grid-item elementor-clearfix post-3355 post type-post status-publish format-standard hentry category-konferenssi category-uutiset tag-isfteh\"><div class=\"wpr-grid-item-inner\"><div class=\"wpr-grid-item-below-content elementor-clearfix\"><div class=\"wpr-grid-item-category elementor-repeater-item-705c2f8 wpr-grid-item-display-block wpr-grid-item-align-left wpr-pointer-none wpr-pointer-line-fx wpr-pointer-fx-fade wpr-grid-tax-style-1\"><div class=\"inner-block\"><a class=\" wpr-tax-id-34\" href=\"https:\/\/www.telemedicine.fi\/en\/category\/konferenssi\/\">konferenssi<span class=\"tax-sep\">, <\/span><\/a><a class=\" wpr-tax-id-36\" href=\"https:\/\/www.telemedicine.fi\/en\/category\/uutiset\/\">Uutiset<\/a><\/div><\/div><h2 class=\"wpr-grid-item-title elementor-repeater-item-e185fa8 wpr-grid-item-display-block wpr-grid-item-align-left wpr-pointer-none wpr-pointer-line-fx wpr-pointer-fx-fade\"><div class=\"inner-block\"><a target=\"_self\" href=\"https:\/\/www.telemedicine.fi\/en\/global-connections-for-sustainable-telehealth-conference\/\">Global Connections for Sustainable Telehealth Conference<\/a><\/div><\/h2><div class=\"wpr-grid-item-excerpt elementor-repeater-item-7e5f630 wpr-grid-item-display-block wpr-grid-item-align-left\"><div class=\"inner-block\"><p>For the first time, the ISfTeH (International Society for Telemedicine &amp; eHealth) brings together its network of international experts to...<\/p><\/div><\/div><div class=\"wpr-grid-item-read-more elementor-repeater-item-d036234 wpr-grid-item-display-block wpr-grid-item-align-left\"><div class=\"inner-block\"><a target=\"_self\" href=\"https:\/\/www.telemedicine.fi\/en\/global-connections-for-sustainable-telehealth-conference\/\" class=\"wpr-button-effect wpr-button-none\"><span>Lue lis\u00e4\u00e4<\/span><\/a><\/div><\/div><\/div><\/div><\/article><article class=\"wpr-grid-item elementor-clearfix post-1993 post type-post status-publish format-standard hentry category-koulutus category-webinaari tag-etalaakaritoiminta tag-koulutus\"><div class=\"wpr-grid-item-inner\"><div class=\"wpr-grid-item-below-content elementor-clearfix\"><div class=\"wpr-grid-item-category elementor-repeater-item-705c2f8 wpr-grid-item-display-block wpr-grid-item-align-left wpr-pointer-none wpr-pointer-line-fx wpr-pointer-fx-fade wpr-grid-tax-style-1\"><div class=\"inner-block\"><a class=\" wpr-tax-id-25\" href=\"https:\/\/www.telemedicine.fi\/en\/category\/koulutus\/\">koulutus<span class=\"tax-sep\">, <\/span><\/a><a class=\" wpr-tax-id-16\" href=\"https:\/\/www.telemedicine.fi\/en\/category\/webinaari\/\">webinaari<\/a><\/div><\/div><h2 class=\"wpr-grid-item-title elementor-repeater-item-e185fa8 wpr-grid-item-display-block wpr-grid-item-align-left wpr-pointer-none wpr-pointer-line-fx wpr-pointer-fx-fade\"><div class=\"inner-block\"><a target=\"_self\" href=\"https:\/\/www.telemedicine.fi\/en\/etalaakaritoiminnan-koulutus-moduuli-3-2022\/\">Et\u00e4l\u00e4\u00e4k\u00e4ritoiminnan koulutus &#8211; Moduuli 3 &#8211; 3.5.2022<\/a><\/div><\/h2><div class=\"wpr-grid-item-excerpt elementor-repeater-item-7e5f630 wpr-grid-item-display-block wpr-grid-item-align-left\"><div class=\"inner-block\"><p>Mit\u00e4 et\u00e4l\u00e4\u00e4k\u00e4ritoimintaa j\u00e4rjest\u00e4v\u00e4n tahon tulee ottaa huomioon? Oulun yliopiston l\u00e4\u00e4ketieteellinen tiedekunta ja Suomen telel\u00e4\u00e4ketieteen ja eHealth seura ry j\u00e4rjest\u00e4v\u00e4t koulutuksen...<\/p><\/div><\/div><div class=\"wpr-grid-item-read-more elementor-repeater-item-d036234 wpr-grid-item-display-block wpr-grid-item-align-left\"><div class=\"inner-block\"><a target=\"_self\" href=\"https:\/\/www.telemedicine.fi\/en\/etalaakaritoiminnan-koulutus-moduuli-3-2022\/\" class=\"wpr-button-effect wpr-button-none\"><span>Lue lis\u00e4\u00e4<\/span><\/a><\/div><\/div><\/div><\/div><\/article><article class=\"wpr-grid-item elementor-clearfix post-1996 post type-post status-publish format-standard hentry category-webinaari tag-kansalainen tag-osallisuus tag-webinaari\"><div class=\"wpr-grid-item-inner\"><div class=\"wpr-grid-item-below-content elementor-clearfix\"><div class=\"wpr-grid-item-category elementor-repeater-item-705c2f8 wpr-grid-item-display-block wpr-grid-item-align-left wpr-pointer-none wpr-pointer-line-fx wpr-pointer-fx-fade wpr-grid-tax-style-1\"><div class=\"inner-block\"><a class=\" wpr-tax-id-16\" href=\"https:\/\/www.telemedicine.fi\/en\/category\/webinaari\/\">webinaari<\/a><\/div><\/div><h2 class=\"wpr-grid-item-title elementor-repeater-item-e185fa8 wpr-grid-item-display-block wpr-grid-item-align-left wpr-pointer-none wpr-pointer-line-fx wpr-pointer-fx-fade\"><div class=\"inner-block\"><a target=\"_self\" href=\"https:\/\/www.telemedicine.fi\/en\/kansalaisen-osallisuus-sote-digipalveluissa-webinaari-23-3-2022\/\">Kansalaisen osallisuus sote-digipalveluissa -webinaari &#8211; 23.3.2022<\/a><\/div><\/h2><div class=\"wpr-grid-item-excerpt elementor-repeater-item-7e5f630 wpr-grid-item-display-block wpr-grid-item-align-left\"><div class=\"inner-block\"><p>Sosiaali- ja terveydenhuollon tietojenk\u00e4sittely-yhdistys ja Suomen Telel\u00e4\u00e4ketieteen ja eHealth -seura j\u00e4rjestiv\u00e4t yhteisty\u00f6ss\u00e4 webinaarisarjan vuonna 2022. Seminaarisarjan teht\u00e4v\u00e4 oli edist\u00e4\u00e4 seurojen...<\/p><\/div><\/div><div class=\"wpr-grid-item-read-more elementor-repeater-item-d036234 wpr-grid-item-display-block wpr-grid-item-align-left\"><div class=\"inner-block\"><a target=\"_self\" href=\"https:\/\/www.telemedicine.fi\/en\/kansalaisen-osallisuus-sote-digipalveluissa-webinaari-23-3-2022\/\" class=\"wpr-button-effect wpr-button-none\"><span>Lue lis\u00e4\u00e4<\/span><\/a><\/div><\/div><\/div><\/div><\/article><article class=\"wpr-grid-item elementor-clearfix post-2000 post type-post status-publish format-standard hentry category-webinaari tag-sote tag-tietojohtaminen tag-webinaari\"><div class=\"wpr-grid-item-inner\"><div class=\"wpr-grid-item-below-content elementor-clearfix\"><div class=\"wpr-grid-item-category elementor-repeater-item-705c2f8 wpr-grid-item-display-block wpr-grid-item-align-left wpr-pointer-none wpr-pointer-line-fx wpr-pointer-fx-fade wpr-grid-tax-style-1\"><div class=\"inner-block\"><a class=\" wpr-tax-id-16\" href=\"https:\/\/www.telemedicine.fi\/en\/category\/webinaari\/\">webinaari<\/a><\/div><\/div><h2 class=\"wpr-grid-item-title elementor-repeater-item-e185fa8 wpr-grid-item-display-block wpr-grid-item-align-left wpr-pointer-none wpr-pointer-line-fx wpr-pointer-fx-fade\"><div class=\"inner-block\"><a target=\"_self\" href=\"https:\/\/www.telemedicine.fi\/en\/sote-tietojohtamisen-nykytila-ja-haasteet-webinaari-16-2-2022\/\">Sote-tietojohtamisen nykytila ja haasteet -webinaari 16.2.2022<\/a><\/div><\/h2><div class=\"wpr-grid-item-excerpt elementor-repeater-item-7e5f630 wpr-grid-item-display-block wpr-grid-item-align-left\"><div class=\"inner-block\"><p>Mik\u00e4 on #sote #tietojohtaminen nykytila ja haasteet? Aiheesta keskustelevat professorit Harri Laihonen ja Kaija Saranto It\u00e4-Suomen yliopistosta sek\u00e4 johtaja Tarja...<\/p><\/div><\/div><div class=\"wpr-grid-item-read-more elementor-repeater-item-d036234 wpr-grid-item-display-block wpr-grid-item-align-left\"><div class=\"inner-block\"><a target=\"_self\" href=\"https:\/\/www.telemedicine.fi\/en\/sote-tietojohtamisen-nykytila-ja-haasteet-webinaari-16-2-2022\/\" class=\"wpr-button-effect wpr-button-none\"><span>Lue lis\u00e4\u00e4<\/span><\/a><\/div><\/div><\/div><\/div><\/article><article class=\"wpr-grid-item elementor-clearfix post-2555 post type-post status-publish format-standard hentry category-konferenssi\"><div class=\"wpr-grid-item-inner\"><div class=\"wpr-grid-item-below-content elementor-clearfix\"><div class=\"wpr-grid-item-category elementor-repeater-item-705c2f8 wpr-grid-item-display-block wpr-grid-item-align-left wpr-pointer-none wpr-pointer-line-fx wpr-pointer-fx-fade wpr-grid-tax-style-1\"><div class=\"inner-block\"><a class=\" wpr-tax-id-34\" href=\"https:\/\/www.telemedicine.fi\/en\/category\/konferenssi\/\">konferenssi<\/a><\/div><\/div><h2 class=\"wpr-grid-item-title elementor-repeater-item-e185fa8 wpr-grid-item-display-block wpr-grid-item-align-left wpr-pointer-none wpr-pointer-line-fx wpr-pointer-fx-fade\"><div class=\"inner-block\"><a target=\"_self\" href=\"https:\/\/www.telemedicine.fi\/en\/ehealth2021-kansainvalinen-konferenssi-2021\/\">eHealth2021 &#8211; kansainv\u00e4linen konferenssi 2021<\/a><\/div><\/h2><div class=\"wpr-grid-item-excerpt elementor-repeater-item-7e5f630 wpr-grid-item-display-block wpr-grid-item-align-left\"><div class=\"inner-block\"><p>#eHealth2021 \u2013 International Conference &amp; The 26th Finnish National Conference on Telemedicine and eHealth, \u201deHealth in a Lifecycle\u201d 7-8.10.2021, Oulu.\u200b...<\/p><\/div><\/div><div class=\"wpr-grid-item-read-more elementor-repeater-item-d036234 wpr-grid-item-display-block wpr-grid-item-align-left\"><div class=\"inner-block\"><a target=\"_self\" href=\"https:\/\/www.telemedicine.fi\/en\/ehealth2021-kansainvalinen-konferenssi-2021\/\" class=\"wpr-button-effect wpr-button-none\"><span>Lue lis\u00e4\u00e4<\/span><\/a><\/div><\/div><\/div><\/div><\/article><article class=\"wpr-grid-item elementor-clearfix post-2553 post type-post status-publish format-standard hentry category-konferenssi\"><div class=\"wpr-grid-item-inner\"><div class=\"wpr-grid-item-below-content elementor-clearfix\"><div class=\"wpr-grid-item-category elementor-repeater-item-705c2f8 wpr-grid-item-display-block wpr-grid-item-align-left wpr-pointer-none wpr-pointer-line-fx wpr-pointer-fx-fade wpr-grid-tax-style-1\"><div class=\"inner-block\"><a class=\" wpr-tax-id-34\" href=\"https:\/\/www.telemedicine.fi\/en\/category\/konferenssi\/\">konferenssi<\/a><\/div><\/div><h2 class=\"wpr-grid-item-title elementor-repeater-item-e185fa8 wpr-grid-item-display-block wpr-grid-item-align-left wpr-pointer-none wpr-pointer-line-fx wpr-pointer-fx-fade\"><div class=\"inner-block\"><a target=\"_self\" href=\"https:\/\/www.telemedicine.fi\/en\/ehealth2020-kansainvalinen-konferenssi-2020\/\">eHealth2020 &#8211; kansainv\u00e4linen konferenssi 2020<\/a><\/div><\/h2><div class=\"wpr-grid-item-excerpt elementor-repeater-item-7e5f630 wpr-grid-item-display-block wpr-grid-item-align-left\"><div class=\"inner-block\"><p>#eHealth2020 \u2013 International Conference siirtyy pidett\u00e4v\u00e4ksi virtuaalisena 1.10.2020 Vallitsevasta koronavirustilanteesta (COVID-19) johtuen Suomen telel\u00e4\u00e4ketieteen ja eHealth seura ry on p\u00e4\u00e4tt\u00e4nyt...<\/p><\/div><\/div><div class=\"wpr-grid-item-read-more elementor-repeater-item-d036234 wpr-grid-item-display-block wpr-grid-item-align-left\"><div class=\"inner-block\"><a target=\"_self\" href=\"https:\/\/www.telemedicine.fi\/en\/ehealth2020-kansainvalinen-konferenssi-2020\/\" class=\"wpr-button-effect wpr-button-none\"><span>Lue lis\u00e4\u00e4<\/span><\/a><\/div><\/div><\/div><\/div><\/article><article class=\"wpr-grid-item elementor-clearfix post-2545 post type-post status-publish format-standard hentry category-konferenssi\"><div class=\"wpr-grid-item-inner\"><div class=\"wpr-grid-item-below-content elementor-clearfix\"><div class=\"wpr-grid-item-category elementor-repeater-item-705c2f8 wpr-grid-item-display-block wpr-grid-item-align-left wpr-pointer-none wpr-pointer-line-fx wpr-pointer-fx-fade wpr-grid-tax-style-1\"><div class=\"inner-block\"><a class=\" wpr-tax-id-34\" href=\"https:\/\/www.telemedicine.fi\/en\/category\/konferenssi\/\">konferenssi<\/a><\/div><\/div><h2 class=\"wpr-grid-item-title elementor-repeater-item-e185fa8 wpr-grid-item-display-block wpr-grid-item-align-left wpr-pointer-none wpr-pointer-line-fx wpr-pointer-fx-fade\"><div class=\"inner-block\"><a target=\"_self\" href=\"https:\/\/www.telemedicine.fi\/en\/ehealth2019-kansainvalinen-konferenssi-2019\/\">eHealth2019 &#8211; kansainv\u00e4linen konferenssi 2019<\/a><\/div><\/h2><div class=\"wpr-grid-item-excerpt elementor-repeater-item-7e5f630 wpr-grid-item-display-block wpr-grid-item-align-left\"><div class=\"inner-block\"><p>eHealth2019 International Conference. XXIV kansallinen telel\u00e4\u00e4ketieteen ja eHealth seminaari \u201dTieto ei ole kaakana\u201d 2.-3.4.2019, Kuopio eHealth2019 International Conference Vuoden 2019...<\/p><\/div><\/div><div class=\"wpr-grid-item-read-more elementor-repeater-item-d036234 wpr-grid-item-display-block wpr-grid-item-align-left\"><div class=\"inner-block\"><a target=\"_self\" href=\"https:\/\/www.telemedicine.fi\/en\/ehealth2019-kansainvalinen-konferenssi-2019\/\" class=\"wpr-button-effect wpr-button-none\"><span>Lue lis\u00e4\u00e4<\/span><\/a><\/div><\/div><\/div><\/div><\/article><article class=\"wpr-grid-item elementor-clearfix post-2534 post type-post status-publish format-standard hentry category-konferenssi\"><div class=\"wpr-grid-item-inner\"><div class=\"wpr-grid-item-below-content elementor-clearfix\"><div class=\"wpr-grid-item-category elementor-repeater-item-705c2f8 wpr-grid-item-display-block wpr-grid-item-align-left wpr-pointer-none wpr-pointer-line-fx wpr-pointer-fx-fade wpr-grid-tax-style-1\"><div class=\"inner-block\"><a class=\" wpr-tax-id-34\" href=\"https:\/\/www.telemedicine.fi\/en\/category\/konferenssi\/\">konferenssi<\/a><\/div><\/div><h2 class=\"wpr-grid-item-title elementor-repeater-item-e185fa8 wpr-grid-item-display-block wpr-grid-item-align-left wpr-pointer-none wpr-pointer-line-fx wpr-pointer-fx-fade\"><div class=\"inner-block\"><a target=\"_self\" href=\"https:\/\/www.telemedicine.fi\/en\/ehealth2018-kansainvalinen-seminaari-2018\/\">eHealth2018 &#8211; Kansainv\u00e4linen seminaari 2018<\/a><\/div><\/h2><div class=\"wpr-grid-item-excerpt elementor-repeater-item-7e5f630 wpr-grid-item-display-block wpr-grid-item-align-left\"><div class=\"inner-block\"><p>23. ISfTeH kansainv\u00e4linen telel\u00e4\u00e4ketieteen ja eHealth seminaari XXIII kansallinen telel\u00e4\u00e4ketieteen ja eHealth seminaari \u201dYhteis\u00f6t yhteisty\u00f6h\u00f6n muutoksen kynnyksell\u00e4\u201d eHealth2018 &#8211; Kansainv\u00e4linen...<\/p><\/div><\/div><div class=\"wpr-grid-item-read-more elementor-repeater-item-d036234 wpr-grid-item-display-block wpr-grid-item-align-left\"><div class=\"inner-block\"><a target=\"_self\" href=\"https:\/\/www.telemedicine.fi\/en\/ehealth2018-kansainvalinen-seminaari-2018\/\" class=\"wpr-button-effect wpr-button-none\"><span>Lue lis\u00e4\u00e4<\/span><\/a><\/div><\/div><\/div><\/div><\/article><article class=\"wpr-grid-item elementor-clearfix post-2598 post type-post status-publish format-standard hentry category-konferenssi\"><div class=\"wpr-grid-item-inner\"><div class=\"wpr-grid-item-below-content elementor-clearfix\"><div class=\"wpr-grid-item-category elementor-repeater-item-705c2f8 wpr-grid-item-display-block wpr-grid-item-align-left wpr-pointer-none wpr-pointer-line-fx wpr-pointer-fx-fade wpr-grid-tax-style-1\"><div class=\"inner-block\"><a class=\" wpr-tax-id-34\" href=\"https:\/\/www.telemedicine.fi\/en\/category\/konferenssi\/\">konferenssi<\/a><\/div><\/div><h2 class=\"wpr-grid-item-title elementor-repeater-item-e185fa8 wpr-grid-item-display-block wpr-grid-item-align-left wpr-pointer-none wpr-pointer-line-fx wpr-pointer-fx-fade\"><div class=\"inner-block\"><a target=\"_self\" href=\"https:\/\/www.telemedicine.fi\/en\/kansallinen-konferenssi-2017\/\">Kansallinen konferenssi 2017<\/a><\/div><\/h2><div class=\"wpr-grid-item-excerpt elementor-repeater-item-7e5f630 wpr-grid-item-display-block wpr-grid-item-align-left\"><div class=\"inner-block\"><p>XXII Kansallinen telel\u00e4\u00e4ketieteen ja eHealth \u2013seminaari 20.-21.4.2017 Turussa \u201dWin-Win-Win, voittaako kansalainen, ammattilainen ja yhteiskunta?\u201d Seminaarissamme toimme keskusteluun kansalaisen, ammattilaisen ja...<\/p><\/div><\/div><div class=\"wpr-grid-item-read-more elementor-repeater-item-d036234 wpr-grid-item-display-block wpr-grid-item-align-left\"><div class=\"inner-block\"><a target=\"_self\" href=\"https:\/\/www.telemedicine.fi\/en\/kansallinen-konferenssi-2017\/\" class=\"wpr-button-effect wpr-button-none\"><span>Lue lis\u00e4\u00e4<\/span><\/a><\/div><\/div><\/div><\/div><\/article><article class=\"wpr-grid-item elementor-clearfix post-2605 post type-post status-publish format-standard hentry category-konferenssi\"><div class=\"wpr-grid-item-inner\"><div class=\"wpr-grid-item-below-content elementor-clearfix\"><div class=\"wpr-grid-item-category elementor-repeater-item-705c2f8 wpr-grid-item-display-block wpr-grid-item-align-left wpr-pointer-none wpr-pointer-line-fx wpr-pointer-fx-fade wpr-grid-tax-style-1\"><div class=\"inner-block\"><a class=\" wpr-tax-id-34\" href=\"https:\/\/www.telemedicine.fi\/en\/category\/konferenssi\/\">konferenssi<\/a><\/div><\/div><h2 class=\"wpr-grid-item-title elementor-repeater-item-e185fa8 wpr-grid-item-display-block wpr-grid-item-align-left wpr-pointer-none wpr-pointer-line-fx wpr-pointer-fx-fade\"><div class=\"inner-block\"><a target=\"_self\" href=\"https:\/\/www.telemedicine.fi\/en\/nordic-ehealth-kansallinen-konferenssi-2016\/\">Nordic eHealth &#038; kansallinen konferenssi 2016<\/a><\/div><\/h2><div class=\"wpr-grid-item-excerpt elementor-repeater-item-7e5f630 wpr-grid-item-display-block wpr-grid-item-align-left\"><div class=\"inner-block\"><p>Nordic eHealth 2016 &amp; XXI Kansallinen telel\u00e4\u00e4ketieteen ja eHealth \u2013seminaari 14.-16.4.2016 M\/S Mariella Helsinki-Tukholma-Helsinki \u201dDigitalisaatio ja kokeilukulttuuri\u201d Seminaarin teemana oli...<\/p><\/div><\/div><div class=\"wpr-grid-item-read-more elementor-repeater-item-d036234 wpr-grid-item-display-block wpr-grid-item-align-left\"><div class=\"inner-block\"><a target=\"_self\" href=\"https:\/\/www.telemedicine.fi\/en\/nordic-ehealth-kansallinen-konferenssi-2016\/\" class=\"wpr-button-effect wpr-button-none\"><span>Lue lis\u00e4\u00e4<\/span><\/a><\/div><\/div><\/div><\/div><\/article><article class=\"wpr-grid-item elementor-clearfix post-2621 post type-post status-publish format-standard hentry category-konferenssi\"><div class=\"wpr-grid-item-inner\"><div class=\"wpr-grid-item-below-content elementor-clearfix\"><div class=\"wpr-grid-item-category elementor-repeater-item-705c2f8 wpr-grid-item-display-block wpr-grid-item-align-left wpr-pointer-none wpr-pointer-line-fx wpr-pointer-fx-fade wpr-grid-tax-style-1\"><div class=\"inner-block\"><a class=\" wpr-tax-id-34\" href=\"https:\/\/www.telemedicine.fi\/en\/category\/konferenssi\/\">konferenssi<\/a><\/div><\/div><h2 class=\"wpr-grid-item-title elementor-repeater-item-e185fa8 wpr-grid-item-display-block wpr-grid-item-align-left wpr-pointer-none wpr-pointer-line-fx wpr-pointer-fx-fade\"><div class=\"inner-block\"><a target=\"_self\" href=\"https:\/\/www.telemedicine.fi\/en\/kansallinen-seminaari-2015\/\">Kansallinen seminaari 2015<\/a><\/div><\/h2><div class=\"wpr-grid-item-excerpt elementor-repeater-item-7e5f630 wpr-grid-item-display-block wpr-grid-item-align-left\"><div class=\"inner-block\"><p>XX Kansallinen Telel\u00e4\u00e4ketieteen ja eHealth-seminaari 9. \u2013 10.4.2015 Espoossa L\u00e4mmin kiitos kaikille mukana olleille aktiivisesta osallistumisesta!20-vuotisjuhlaseminaari esitteli ajankohtaisen katsauksen kansainv\u00e4lisiin...<\/p><\/div><\/div><div class=\"wpr-grid-item-read-more elementor-repeater-item-d036234 wpr-grid-item-display-block wpr-grid-item-align-left\"><div class=\"inner-block\"><a target=\"_self\" href=\"https:\/\/www.telemedicine.fi\/en\/kansallinen-seminaari-2015\/\" class=\"wpr-button-effect wpr-button-none\"><span>Lue lis\u00e4\u00e4<\/span><\/a><\/div><\/div><\/div><\/div><\/article><article class=\"wpr-grid-item elementor-clearfix post-2626 post type-post status-publish format-standard hentry category-konferenssi\"><div class=\"wpr-grid-item-inner\"><div class=\"wpr-grid-item-below-content elementor-clearfix\"><div class=\"wpr-grid-item-category elementor-repeater-item-705c2f8 wpr-grid-item-display-block wpr-grid-item-align-left wpr-pointer-none wpr-pointer-line-fx wpr-pointer-fx-fade wpr-grid-tax-style-1\"><div class=\"inner-block\"><a class=\" wpr-tax-id-34\" href=\"https:\/\/www.telemedicine.fi\/en\/category\/konferenssi\/\">konferenssi<\/a><\/div><\/div><h2 class=\"wpr-grid-item-title elementor-repeater-item-e185fa8 wpr-grid-item-display-block wpr-grid-item-align-left wpr-pointer-none wpr-pointer-line-fx wpr-pointer-fx-fade\"><div class=\"inner-block\"><a target=\"_self\" href=\"https:\/\/www.telemedicine.fi\/en\/kansallinen-seminaari-2014\/\">Kansallinen seminaari 2014<\/a><\/div><\/h2><div class=\"wpr-grid-item-excerpt elementor-repeater-item-7e5f630 wpr-grid-item-display-block wpr-grid-item-align-left\"><div class=\"inner-block\"><p>XIX Kansallinen telel\u00e4\u00e4ketieteen ja e-Health seminaari &#8221;Matkalla vaikuttavaan eTerveyteen\u201d 23.-24.4.2014 Tallinnassa Virossa L\u00e4mmin kiitos kaikille mukana olleille aktiivisesta osallistumisesta! Seminaari...<\/p><\/div><\/div><div class=\"wpr-grid-item-read-more elementor-repeater-item-d036234 wpr-grid-item-display-block wpr-grid-item-align-left\"><div class=\"inner-block\"><a target=\"_self\" href=\"https:\/\/www.telemedicine.fi\/en\/kansallinen-seminaari-2014\/\" class=\"wpr-button-effect wpr-button-none\"><span>Lue lis\u00e4\u00e4<\/span><\/a><\/div><\/div><\/div><\/div><\/article><article class=\"wpr-grid-item elementor-clearfix post-2627 post type-post status-publish format-standard hentry category-konferenssi\"><div class=\"wpr-grid-item-inner\"><div class=\"wpr-grid-item-below-content elementor-clearfix\"><div class=\"wpr-grid-item-category elementor-repeater-item-705c2f8 wpr-grid-item-display-block wpr-grid-item-align-left wpr-pointer-none wpr-pointer-line-fx wpr-pointer-fx-fade wpr-grid-tax-style-1\"><div class=\"inner-block\"><a class=\" wpr-tax-id-34\" href=\"https:\/\/www.telemedicine.fi\/en\/category\/konferenssi\/\">konferenssi<\/a><\/div><\/div><h2 class=\"wpr-grid-item-title elementor-repeater-item-e185fa8 wpr-grid-item-display-block wpr-grid-item-align-left wpr-pointer-none wpr-pointer-line-fx wpr-pointer-fx-fade\"><div class=\"inner-block\"><a target=\"_self\" href=\"https:\/\/www.telemedicine.fi\/en\/kansallinen-seminaari-2013\/\">Kansallinen seminaari 2013<\/a><\/div><\/h2><div class=\"wpr-grid-item-excerpt elementor-repeater-item-7e5f630 wpr-grid-item-display-block wpr-grid-item-align-left\"><div class=\"inner-block\"><p>XVIII Kansallinen telel\u00e4\u00e4ketieteen ja e-Health seminaari &#8221;Teknologiatalkoilla parempiin hoitotuloksiin\u201d 18.-19.4.2013 Sein\u00e4joella L\u00e4mmin kiitos kaikille mukana olleille aktiivisesta osallistumisesta! Seminaari esitteli...<\/p><\/div><\/div><div class=\"wpr-grid-item-read-more elementor-repeater-item-d036234 wpr-grid-item-display-block wpr-grid-item-align-left\"><div class=\"inner-block\"><a target=\"_self\" href=\"https:\/\/www.telemedicine.fi\/en\/kansallinen-seminaari-2013\/\" class=\"wpr-button-effect wpr-button-none\"><span>Lue lis\u00e4\u00e4<\/span><\/a><\/div><\/div><\/div><\/div><\/article><article class=\"wpr-grid-item elementor-clearfix post-2633 post type-post status-publish format-standard hentry category-konferenssi\"><div class=\"wpr-grid-item-inner\"><div class=\"wpr-grid-item-below-content elementor-clearfix\"><div class=\"wpr-grid-item-category elementor-repeater-item-705c2f8 wpr-grid-item-display-block wpr-grid-item-align-left wpr-pointer-none wpr-pointer-line-fx wpr-pointer-fx-fade wpr-grid-tax-style-1\"><div class=\"inner-block\"><a class=\" wpr-tax-id-34\" href=\"https:\/\/www.telemedicine.fi\/en\/category\/konferenssi\/\">konferenssi<\/a><\/div><\/div><h2 class=\"wpr-grid-item-title elementor-repeater-item-e185fa8 wpr-grid-item-display-block wpr-grid-item-align-left wpr-pointer-none wpr-pointer-line-fx wpr-pointer-fx-fade\"><div class=\"inner-block\"><a target=\"_self\" href=\"https:\/\/www.telemedicine.fi\/en\/kansallinen-seminaari-2012\/\">Kansallinen seminaari 2012<\/a><\/div><\/h2><div class=\"wpr-grid-item-excerpt elementor-repeater-item-7e5f630 wpr-grid-item-display-block wpr-grid-item-align-left\"><div class=\"inner-block\"><p>XVII Kansallinen telel\u00e4\u00e4ketieteen ja eHealth \u2013seminaari 11.-13.4.2012 M\/S Mariella Helsinki-Tukholma-Helsinki L\u00e4mmin kiitos kaikille mukana olleille aktiivisesta osallistumisesta!\u00a0 Seminaari esitteli ajankohtaisen...<\/p><\/div><\/div><div class=\"wpr-grid-item-read-more elementor-repeater-item-d036234 wpr-grid-item-display-block wpr-grid-item-align-left\"><div class=\"inner-block\"><a target=\"_self\" href=\"https:\/\/www.telemedicine.fi\/en\/kansallinen-seminaari-2012\/\" class=\"wpr-button-effect wpr-button-none\"><span>Lue lis\u00e4\u00e4<\/span><\/a><\/div><\/div><\/div><\/div><\/article><article class=\"wpr-grid-item elementor-clearfix post-2638 post type-post status-publish format-standard hentry category-konferenssi\"><div class=\"wpr-grid-item-inner\"><div class=\"wpr-grid-item-below-content elementor-clearfix\"><div class=\"wpr-grid-item-category elementor-repeater-item-705c2f8 wpr-grid-item-display-block wpr-grid-item-align-left wpr-pointer-none wpr-pointer-line-fx wpr-pointer-fx-fade wpr-grid-tax-style-1\"><div class=\"inner-block\"><a class=\" wpr-tax-id-34\" href=\"https:\/\/www.telemedicine.fi\/en\/category\/konferenssi\/\">konferenssi<\/a><\/div><\/div><h2 class=\"wpr-grid-item-title elementor-repeater-item-e185fa8 wpr-grid-item-display-block wpr-grid-item-align-left wpr-pointer-none wpr-pointer-line-fx wpr-pointer-fx-fade\"><div class=\"inner-block\"><a target=\"_self\" href=\"https:\/\/www.telemedicine.fi\/en\/kansallinen-seminaari-2011\/\">Kansallinen seminaari 2011<\/a><\/div><\/h2><div class=\"wpr-grid-item-excerpt elementor-repeater-item-7e5f630 wpr-grid-item-display-block wpr-grid-item-align-left\"><div class=\"inner-block\"><p>XVI Kansallinen telel\u00e4\u00e4ketieteen ja e-Health seminaari &#8221;Maalta maailmalle &#8211; Aluemalli terveyspalveluiden kehitt\u00e4misess\u00e4\u201d 14.-15.4.2011 Joensuussa L\u00e4mmin kiitos kaikille mukana olleille aktiivisesta...<\/p><\/div><\/div><div class=\"wpr-grid-item-read-more elementor-repeater-item-d036234 wpr-grid-item-display-block wpr-grid-item-align-left\"><div class=\"inner-block\"><a target=\"_self\" href=\"https:\/\/www.telemedicine.fi\/en\/kansallinen-seminaari-2011\/\" class=\"wpr-button-effect wpr-button-none\"><span>Lue lis\u00e4\u00e4<\/span><\/a><\/div><\/div><\/div><\/div><\/article><article class=\"wpr-grid-item elementor-clearfix post-2644 post type-post status-publish format-standard hentry category-konferenssi\"><div class=\"wpr-grid-item-inner\"><div class=\"wpr-grid-item-below-content elementor-clearfix\"><div class=\"wpr-grid-item-category elementor-repeater-item-705c2f8 wpr-grid-item-display-block wpr-grid-item-align-left wpr-pointer-none wpr-pointer-line-fx wpr-pointer-fx-fade wpr-grid-tax-style-1\"><div class=\"inner-block\"><a class=\" wpr-tax-id-34\" href=\"https:\/\/www.telemedicine.fi\/en\/category\/konferenssi\/\">konferenssi<\/a><\/div><\/div><h2 class=\"wpr-grid-item-title elementor-repeater-item-e185fa8 wpr-grid-item-display-block wpr-grid-item-align-left wpr-pointer-none wpr-pointer-line-fx wpr-pointer-fx-fade\"><div class=\"inner-block\"><a target=\"_self\" href=\"https:\/\/www.telemedicine.fi\/en\/kansallinen-seminaari-2010\/\">Kansallinen seminaari 2010<\/a><\/div><\/h2><div class=\"wpr-grid-item-excerpt elementor-repeater-item-7e5f630 wpr-grid-item-display-block wpr-grid-item-align-left\"><div class=\"inner-block\"><p>XV Kansallinen telel\u00e4\u00e4ketieteen ja e-Health seminaari &#8221;Katse yli rajojen&#8221; &#8211; &#8221;Sight towards new frontiers&#8221; 8.-10.4.2010, M\/S Viking Mariella, Helsinki-Tukholma-Helsinki. L\u00e4mmin...<\/p><\/div><\/div><div class=\"wpr-grid-item-read-more elementor-repeater-item-d036234 wpr-grid-item-display-block wpr-grid-item-align-left\"><div class=\"inner-block\"><a target=\"_self\" href=\"https:\/\/www.telemedicine.fi\/en\/kansallinen-seminaari-2010\/\" class=\"wpr-button-effect wpr-button-none\"><span>Lue lis\u00e4\u00e4<\/span><\/a><\/div><\/div><\/div><\/div><\/article><article class=\"wpr-grid-item elementor-clearfix post-2649 post type-post status-publish format-standard hentry category-konferenssi\"><div class=\"wpr-grid-item-inner\"><div class=\"wpr-grid-item-below-content elementor-clearfix\"><div class=\"wpr-grid-item-category elementor-repeater-item-705c2f8 wpr-grid-item-display-block wpr-grid-item-align-left wpr-pointer-none wpr-pointer-line-fx wpr-pointer-fx-fade wpr-grid-tax-style-1\"><div class=\"inner-block\"><a class=\" wpr-tax-id-34\" href=\"https:\/\/www.telemedicine.fi\/en\/category\/konferenssi\/\">konferenssi<\/a><\/div><\/div><h2 class=\"wpr-grid-item-title elementor-repeater-item-e185fa8 wpr-grid-item-display-block wpr-grid-item-align-left wpr-pointer-none wpr-pointer-line-fx wpr-pointer-fx-fade\"><div class=\"inner-block\"><a target=\"_self\" href=\"https:\/\/www.telemedicine.fi\/en\/kansallinen-seminaari-2009\/\">Kansallinen seminaari 2009<\/a><\/div><\/h2><div class=\"wpr-grid-item-excerpt elementor-repeater-item-7e5f630 wpr-grid-item-display-block wpr-grid-item-align-left\"><div class=\"inner-block\"><p>XIV Kansallinen telel\u00e4\u00e4ketieteen ja eHealth-seminaari \u201cTerveytt\u00e4 verkosta ja verkostosta\u201d 2.-3.4.2009 Oulussa Seminaari esittelee ajankohtaisen katsauksen kansainv\u00e4lisiin eHealth virtauksiin ja kansallisen...<\/p><\/div><\/div><div class=\"wpr-grid-item-read-more elementor-repeater-item-d036234 wpr-grid-item-display-block wpr-grid-item-align-left\"><div class=\"inner-block\"><a target=\"_self\" href=\"https:\/\/www.telemedicine.fi\/en\/kansallinen-seminaari-2009\/\" class=\"wpr-button-effect wpr-button-none\"><span>Lue lis\u00e4\u00e4<\/span><\/a><\/div><\/div><\/div><\/div><\/article><article class=\"wpr-grid-item elementor-clearfix post-2654 post type-post status-publish format-standard hentry category-konferenssi\"><div class=\"wpr-grid-item-inner\"><div class=\"wpr-grid-item-below-content elementor-clearfix\"><div class=\"wpr-grid-item-category elementor-repeater-item-705c2f8 wpr-grid-item-display-block wpr-grid-item-align-left wpr-pointer-none wpr-pointer-line-fx wpr-pointer-fx-fade wpr-grid-tax-style-1\"><div class=\"inner-block\"><a class=\" wpr-tax-id-34\" href=\"https:\/\/www.telemedicine.fi\/en\/category\/konferenssi\/\">konferenssi<\/a><\/div><\/div><h2 class=\"wpr-grid-item-title elementor-repeater-item-e185fa8 wpr-grid-item-display-block wpr-grid-item-align-left wpr-pointer-none wpr-pointer-line-fx wpr-pointer-fx-fade\"><div class=\"inner-block\"><a target=\"_self\" href=\"https:\/\/www.telemedicine.fi\/en\/kansallinen-seminaari-2008\/\">Kansallinen seminaari 2008<\/a><\/div><\/h2><div class=\"wpr-grid-item-excerpt elementor-repeater-item-7e5f630 wpr-grid-item-display-block wpr-grid-item-align-left\"><div class=\"inner-block\"><p>Seura j\u00e4rjesti XIII Kansallisen telel\u00e4\u00e4ketieteen ja e-Health seminaarin Hki-Tukholma-Hki vuosikokousseminaarina M\/S Viking Mariellalla 2.- 4.4.2008. Seminaarin p\u00e4\u00e4teemoina olivat\u00a0kansalaisten s\u00e4hk\u00f6iset terveyspalvelut...<\/p><\/div><\/div><div class=\"wpr-grid-item-read-more elementor-repeater-item-d036234 wpr-grid-item-display-block wpr-grid-item-align-left\"><div class=\"inner-block\"><a target=\"_self\" href=\"https:\/\/www.telemedicine.fi\/en\/kansallinen-seminaari-2008\/\" class=\"wpr-button-effect wpr-button-none\"><span>Lue lis\u00e4\u00e4<\/span><\/a><\/div><\/div><\/div><\/div><\/article><\/section>\t\t\t\t<\/div>\n\t\t\t\t<\/div>\n\t\t\t\t\t<\/div>\n\t\t\t\t<\/div>\n\t\t\t\t<section class=\"elementor-section elementor-top-section elementor-element elementor-element-davw2oq elementor-section-content-middle elementor-section-boxed elementor-section-height-default elementor-section-height-default wpr-particle-no wpr-jarallax-no wpr-parallax-no wpr-sticky-section-no wpr-equal-height-no\" data-id=\"davw2oq\" data-element_type=\"section\" data-e-type=\"section\" data-settings=\"{&quot;background_background&quot;:&quot;classic&quot;}\">\n\t\t\t\t\t\t<div class=\"elementor-container elementor-column-gap-default\">\n\t\t\t\t\t<div class=\"elementor-column elementor-col-50 elementor-top-column elementor-element elementor-element-7012603\" data-id=\"7012603\" data-element_type=\"column\" data-e-type=\"column\">\n\t\t\t<div class=\"elementor-widget-wrap elementor-element-populated\">\n\t\t\t\t\t\t<div class=\"elementor-element elementor-element-23f5a58 elementor-widget elementor-widget-heading\" data-id=\"23f5a58\" data-element_type=\"widget\" data-e-type=\"widget\" data-widget_type=\"heading.default\">\n\t\t\t\t<div class=\"elementor-widget-container\">\n\t\t\t\t\t<h3 class=\"elementor-heading-title elementor-size-default\">Seuraa meit\u00e4 my\u00f6s Linkkarissa<\/h3>\t\t\t\t<\/div>\n\t\t\t\t<\/div>\n\t\t\t\t\t<\/div>\n\t\t<\/div>\n\t\t\t\t<div class=\"elementor-column elementor-col-50 elementor-top-column elementor-element elementor-element-78b3d05\" data-id=\"78b3d05\" data-element_type=\"column\" data-e-type=\"column\">\n\t\t\t<div class=\"elementor-widget-wrap elementor-element-populated\">\n\t\t\t\t\t\t<div class=\"elementor-element elementor-element-a1c787f e-grid-align-mobile-center elementor-shape-rounded elementor-grid-0 e-grid-align-center elementor-widget elementor-widget-social-icons\" data-id=\"a1c787f\" data-element_type=\"widget\" data-e-type=\"widget\" data-widget_type=\"social-icons.default\">\n\t\t\t\t<div class=\"elementor-widget-container\">\n\t\t\t\t\t\t\t<div class=\"elementor-social-icons-wrapper elementor-grid\">\n\t\t\t\t\t\t\t<span class=\"elementor-grid-item\">\n\t\t\t\t\t<a class=\"elementor-icon elementor-social-icon elementor-social-icon-linkedin elementor-repeater-item-f787bb6\" href=\"https:\/\/www.linkedin.com\/company\/ehealthfinland\/\" target=\"_blank\" rel=\"noopener\">\n\t\t\t\t\t\t<span class=\"elementor-screen-only\">Linkedin<\/span>\n\t\t\t\t\t\t<svg aria-hidden=\"true\" class=\"e-font-icon-svg e-fab-linkedin\" viewBox=\"0 0 448 512\" xmlns=\"http:\/\/www.w3.org\/2000\/svg\"><path d=\"M416 32H31.9C14.3 32 0 46.5 0 64.3v383.4C0 465.5 14.3 480 31.9 480H416c17.6 0 32-14.5 32-32.3V64.3c0-17.8-14.4-32.3-32-32.3zM135.4 416H69V202.2h66.5V416zm-33.2-243c-21.3 0-38.5-17.3-38.5-38.5S80.9 96 102.2 96c21.2 0 38.5 17.3 38.5 38.5 0 21.3-17.2 38.5-38.5 38.5zm282.1 243h-66.4V312c0-24.8-.5-56.7-34.5-56.7-34.6 0-39.9 27-39.9 54.9V416h-66.4V202.2h63.7v29.2h.9c8.9-16.8 30.6-34.5 62.9-34.5 67.2 0 79.7 44.3 79.7 101.9V416z\"><\/path><\/svg>\t\t\t\t\t<\/a>\n\t\t\t\t<\/span>\n\t\t\t\t\t<\/div>\n\t\t\t\t\t\t<\/div>\n\t\t\t\t<\/div>\n\t\t\t\t\t<\/div>\n\t\t<\/div>\n\t\t\t\t\t<\/div>\n\t\t<\/section>\n\t\t\t\t<\/div>\n\t\t","protected":false},"excerpt":{"rendered":"<p>Tapahtumat STeHS j\u00e4rjest\u00e4\u00e4 webinaareja ja suositun konferenssin vuosittain WEBINAARIT Lue lis\u00e4\u00e4 webinaareistamme KONFERENSSIT Lue lis\u00e4\u00e4 konferensseistamme Suodata sis\u00e4lt\u00f6\u00e4 kategorialla webinaari konferenssi konferenssi 29th #eHealth2024 international conference 2024 From Research to Impact on Digital Health and Welfare Services Virallinen tapahtumasivusto: https:\/\/events.tuni.fi\/ehealth2024\/ \u00a0 29th #eHealth2024 CONFERENCE THEMES From research&hellip; Lue lis\u00e4\u00e4 webinaari Webinaari 21.3.2024 Vaikuttavuus digitaalisissa terveyspalveluissa Vaikuttavuus digitaalisissa terveyspalveluissa. Webinaari 21.3.2024 klo 15-16 Kansallisen ohjauksen n\u00e4k\u00f6kulma. STM Vesa Jormanainen Terveyskyl\u00e4n s\u00e4hk\u00f6isten palvelupolkujen vaikuttavuus Jaana Kotila Omaolon&hellip; Lue lis\u00e4\u00e4 konferenssi eHealth2023 &#8211; kansainv\u00e4linen konferenssi 2023 Seminaari j\u00e4rjestettiin Vantaan Tikkurilassa Laurean kampuksella 12.-13.10.2023 Main theme: Human oriented approach in eHealth and digital services\u00a0 Ilmoittautuminen, ajantasainen ohjelma&hellip; Lue lis\u00e4\u00e4 webinaari Digiosallisuus webinaari 10.5.2023 Keskustelijoina Birgitta Tetri, DigiIn -hanke, Laurea Minna Piirainen,\u00a0Johtava asiantuntija, digituki, DVV Marika J\u00e4rvinen, Asiakaskokemusp\u00e4\u00e4llikk\u00f6, Pirha Joonas Lepp\u00e4nen, Johtava asiantuntija, Uudet&hellip; Lue lis\u00e4\u00e4 webinaari Diversity of Women&#8217;s Roles in Digital Health &#8211; Webinar &#8211; 23.2.2023 The ISfTeH Nursing and Midwifery Working Group (TWG) and the ISfTeH Working Group on Women (WoW) present a webinar on&hellip; Lue lis\u00e4\u00e4 konferenssi eHealth2022 &#8211; kansainv\u00e4linen konferenssi 2022 #eHealth2022 \u2013 International Conference &amp; The 27th Finnish National Conference on Telemedicine and eHealth Digital Health &#8211; from Research to&hellip; Lue lis\u00e4\u00e4 webinaari Robotiikka ik\u00e4ihmisten el\u00e4m\u00e4ss\u00e4 -webinaari 14.9.2022 STeHS:n ja STTY:n webinaari 14.9.2022 klo. 15-16 keskustelemaan Aiheena\u00a0Robotiikka\u00a0ik\u00e4ihmisten el\u00e4m\u00e4ss\u00e4. Alustuksia seuraavista n\u00e4k\u00f6kulmista: \u201dOsa optimoinnista jatkuvaan yhteisty\u00f6h\u00f6n.\u201d Heidi Anttila THL,&hellip; Lue lis\u00e4\u00e4 koulutus, webinaari Et\u00e4l\u00e4\u00e4k\u00e4ritoiminnan koulutus &#8211; Moduuli 3 &#8211; 3.5.2022 Mit\u00e4 et\u00e4l\u00e4\u00e4k\u00e4ritoimintaa j\u00e4rjest\u00e4v\u00e4n tahon tulee ottaa huomioon? Oulun yliopiston l\u00e4\u00e4ketieteellinen tiedekunta ja Suomen telel\u00e4\u00e4ketieteen ja eHealth seura ry j\u00e4rjest\u00e4v\u00e4t koulutuksen&hellip; Lue lis\u00e4\u00e4 webinaari Kansalaisen osallisuus sote-digipalveluissa -webinaari &#8211; 23.3.2022 Sosiaali- ja terveydenhuollon tietojenk\u00e4sittely-yhdistys ja Suomen Telel\u00e4\u00e4ketieteen ja eHealth -seura j\u00e4rjestiv\u00e4t yhteisty\u00f6ss\u00e4 webinaarisarjan vuonna 2022. Seminaarisarjan teht\u00e4v\u00e4 oli edist\u00e4\u00e4 seurojen&hellip; Lue lis\u00e4\u00e4 webinaari Sote-tietojohtamisen nykytila ja haasteet -webinaari 16.2.2022 Mik\u00e4 on #sote #tietojohtaminen nykytila ja haasteet? Aiheesta keskustelevat professorit Harri Laihonen ja Kaija Saranto It\u00e4-Suomen yliopistosta sek\u00e4 johtaja Tarja&hellip; Lue lis\u00e4\u00e4 konferenssi eHealth2021 &#8211; kansainv\u00e4linen konferenssi 2021 #eHealth2021 \u2013 International Conference &amp; The 26th Finnish National Conference on Telemedicine and eHealth, \u201deHealth in a Lifecycle\u201d 7-8.10.2021, Oulu.\u200b&hellip; Lue lis\u00e4\u00e4 konferenssi eHealth2020 &#8211; kansainv\u00e4linen konferenssi 2020 #eHealth2020 \u2013 International Conference siirtyy pidett\u00e4v\u00e4ksi virtuaalisena 1.10.2020 Vallitsevasta koronavirustilanteesta (COVID-19) johtuen Suomen telel\u00e4\u00e4ketieteen ja eHealth seura ry on p\u00e4\u00e4tt\u00e4nyt&hellip; Lue lis\u00e4\u00e4 konferenssi eHealth2019 &#8211; kansainv\u00e4linen konferenssi 2019 eHealth2019 International Conference. XXIV kansallinen telel\u00e4\u00e4ketieteen ja eHealth seminaari \u201dTieto ei ole kaakana\u201d 2.-3.4.2019, Kuopio eHealth2019 International Conference Vuoden 2019&hellip; Lue lis\u00e4\u00e4 konferenssi eHealth2018 &#8211; Kansainv\u00e4linen seminaari 2018 23. ISfTeH kansainv\u00e4linen telel\u00e4\u00e4ketieteen ja eHealth seminaari XXIII kansallinen telel\u00e4\u00e4ketieteen ja eHealth seminaari \u201dYhteis\u00f6t yhteisty\u00f6h\u00f6n muutoksen kynnyksell\u00e4\u201d eHealth2018 &#8211; Kansainv\u00e4linen&hellip; Lue lis\u00e4\u00e4 konferenssi Kansallinen konferenssi 2017 XXII Kansallinen telel\u00e4\u00e4ketieteen ja eHealth \u2013seminaari 20.-21.4.2017 Turussa \u201dWin-Win-Win, voittaako kansalainen, ammattilainen ja yhteiskunta?\u201d Seminaarissamme toimme keskusteluun kansalaisen, ammattilaisen ja&hellip; Lue lis\u00e4\u00e4 konferenssi Nordic eHealth &#038; kansallinen konferenssi 2016 Nordic eHealth 2016 &amp; XXI Kansallinen telel\u00e4\u00e4ketieteen ja eHealth \u2013seminaari 14.-16.4.2016 M\/S Mariella Helsinki-Tukholma-Helsinki \u201dDigitalisaatio ja kokeilukulttuuri\u201d Seminaarin teemana oli&hellip; Lue lis\u00e4\u00e4 konferenssi Kansallinen seminaari 2015 XX Kansallinen Telel\u00e4\u00e4ketieteen ja eHealth-seminaari 9. \u2013 10.4.2015 Espoossa L\u00e4mmin kiitos kaikille mukana olleille aktiivisesta osallistumisesta!20-vuotisjuhlaseminaari esitteli ajankohtaisen katsauksen kansainv\u00e4lisiin&hellip; Lue lis\u00e4\u00e4 konferenssi Kansallinen seminaari 2014 XIX Kansallinen telel\u00e4\u00e4ketieteen ja e-Health seminaari &#8221;Matkalla vaikuttavaan eTerveyteen\u201d 23.-24.4.2014 Tallinnassa Virossa L\u00e4mmin kiitos kaikille mukana olleille aktiivisesta osallistumisesta! Seminaari&hellip; Lue lis\u00e4\u00e4 konferenssi Kansallinen seminaari 2013 XVIII Kansallinen telel\u00e4\u00e4ketieteen ja e-Health seminaari &#8221;Teknologiatalkoilla parempiin hoitotuloksiin\u201d 18.-19.4.2013 Sein\u00e4joella L\u00e4mmin kiitos kaikille mukana olleille aktiivisesta osallistumisesta! Seminaari esitteli&hellip; Lue lis\u00e4\u00e4 konferenssi Kansallinen seminaari 2012 XVII Kansallinen telel\u00e4\u00e4ketieteen ja eHealth \u2013seminaari 11.-13.4.2012 M\/S Mariella Helsinki-Tukholma-Helsinki L\u00e4mmin kiitos kaikille mukana olleille aktiivisesta osallistumisesta!\u00a0 Seminaari esitteli ajankohtaisen&hellip; Lue lis\u00e4\u00e4 konferenssi Kansallinen seminaari 2011 XVI Kansallinen telel\u00e4\u00e4ketieteen ja e-Health seminaari &#8221;Maalta maailmalle &#8211; Aluemalli terveyspalveluiden kehitt\u00e4misess\u00e4\u201d 14.-15.4.2011 Joensuussa L\u00e4mmin kiitos kaikille mukana olleille aktiivisesta&hellip; Lue lis\u00e4\u00e4 konferenssi Kansallinen seminaari 2010 XV Kansallinen telel\u00e4\u00e4ketieteen ja e-Health seminaari &#8221;Katse yli rajojen&#8221; &#8211; &#8221;Sight towards new frontiers&#8221; 8.-10.4.2010, M\/S Viking Mariella, Helsinki-Tukholma-Helsinki. L\u00e4mmin&hellip; Lue lis\u00e4\u00e4 konferenssi Kansallinen seminaari 2009 XIV Kansallinen telel\u00e4\u00e4ketieteen ja eHealth-seminaari \u201cTerveytt\u00e4 verkosta ja verkostosta\u201d 2.-3.4.2009 Oulussa Seminaari esittelee ajankohtaisen katsauksen kansainv\u00e4lisiin eHealth virtauksiin ja kansallisen&hellip; Lue lis\u00e4\u00e4 konferenssi Kansallinen seminaari 2008 Seura j\u00e4rjesti XIII Kansallisen telel\u00e4\u00e4ketieteen ja e-Health seminaarin Hki-Tukholma-Hki vuosikokousseminaarina M\/S Viking Mariellalla 2.- 4.4.2008. Seminaarin p\u00e4\u00e4teemoina olivat\u00a0kansalaisten s\u00e4hk\u00f6iset terveyspalvelut&hellip; Lue lis\u00e4\u00e4 Seuraa meit\u00e4 my\u00f6s Linkkarissa Linkedin<\/p>","protected":false},"author":6,"featured_media":0,"parent":0,"menu_order":0,"comment_status":"closed","ping_status":"closed","template":"","meta":{"site-sidebar-layout":"no-sidebar","site-content-layout":"page-builder","ast-site-content-layout":"default","site-content-style":"default","site-sidebar-style":"default","ast-global-header-display":"","ast-banner-title-visibility":"","ast-main-header-display":"","ast-hfb-above-header-display":"","ast-hfb-below-header-display":"","ast-hfb-mobile-header-display":"","site-post-title":"disabled","ast-breadcrumbs-content":"","ast-featured-img":"disabled","footer-sml-layout":"","ast-disable-related-posts":"","theme-transparent-header-meta":"enabled","adv-header-id-meta":"","stick-header-meta":"","header-above-stick-meta":"","header-main-stick-meta":"","header-below-stick-meta":"","astra-migrate-meta-layouts":"default","ast-page-background-enabled":"default","ast-page-background-meta":{"desktop":{"background-color":"","background-image":"","background-repeat":"repeat","background-position":"center center","background-size":"auto","background-attachment":"scroll","background-type":"","background-media":"","overlay-type":"","overlay-color":"","overlay-opacity":"","overlay-gradient":""},"tablet":{"background-color":"","background-image":"","background-repeat":"repeat","background-position":"center center","background-size":"auto","background-attachment":"scroll","background-type":"","background-media":"","overlay-type":"","overlay-color":"","overlay-opacity":"","overlay-gradient":""},"mobile":{"background-color":"","background-image":"","background-repeat":"repeat","background-position":"center center","background-size":"auto","background-attachment":"scroll","background-type":"","background-media":"","overlay-type":"","overlay-color":"","overlay-opacity":"","overlay-gradient":""}},"ast-content-background-meta":{"desktop":{"background-color":"var(--ast-global-color-5)","background-image":"","background-repeat":"repeat","background-position":"center center","background-size":"auto","background-attachment":"scroll","background-type":"","background-media":"","overlay-type":"","overlay-color":"","overlay-opacity":"","overlay-gradient":""},"tablet":{"background-color":"var(--ast-global-color-5)","background-image":"","background-repeat":"repeat","background-position":"center center","background-size":"auto","background-attachment":"scroll","background-type":"","background-media":"","overlay-type":"","overlay-color":"","overlay-opacity":"","overlay-gradient":""},"mobile":{"background-color":"var(--ast-global-color-5)","background-image":"","background-repeat":"repeat","background-position":"center center","background-size":"auto","background-attachment":"scroll","background-type":"","background-media":"","overlay-type":"","overlay-color":"","overlay-opacity":"","overlay-gradient":""}},"footnotes":""},"categories":[],"tags":[],"class_list":["post-1954","page","type-page","status-publish","hentry"],"_links":{"self":[{"href":"https:\/\/www.telemedicine.fi\/en\/wp-json\/wp\/v2\/pages\/1954","targetHints":{"allow":["GET"]}}],"collection":[{"href":"https:\/\/www.telemedicine.fi\/en\/wp-json\/wp\/v2\/pages"}],"about":[{"href":"https:\/\/www.telemedicine.fi\/en\/wp-json\/wp\/v2\/types\/page"}],"author":[{"embeddable":true,"href":"https:\/\/www.telemedicine.fi\/en\/wp-json\/wp\/v2\/users\/6"}],"replies":[{"embeddable":true,"href":"https:\/\/www.telemedicine.fi\/en\/wp-json\/wp\/v2\/comments?post=1954"}],"version-history":[{"count":41,"href":"https:\/\/www.telemedicine.fi\/en\/wp-json\/wp\/v2\/pages\/1954\/revisions"}],"predecessor-version":[{"id":2805,"href":"https:\/\/www.telemedicine.fi\/en\/wp-json\/wp\/v2\/pages\/1954\/revisions\/2805"}],"wp:attachment":[{"href":"https:\/\/www.telemedicine.fi\/en\/wp-json\/wp\/v2\/media?parent=1954"}],"wp:term":[{"taxonomy":"category","embeddable":true,"href":"https:\/\/www.telemedicine.fi\/en\/wp-json\/wp\/v2\/categories?post=1954"},{"taxonomy":"post_tag","embeddable":true,"href":"https:\/\/www.telemedicine.fi\/en\/wp-json\/wp\/v2\/tags?post=1954"}],"curies":[{"name":"wp","href":"https:\/\/api.w.org\/{rel}","templated":true}]}}