{"id":1191,"date":"2024-06-17T06:35:41","date_gmt":"2024-06-17T06:35:41","guid":{"rendered":"https:\/\/stehs.verkkokauppakuiskaaja.zoner.dev\/amenities\/"},"modified":"2025-01-31T06:53:00","modified_gmt":"2025-01-31T04:53:00","slug":"konferenssit","status":"publish","type":"page","link":"https:\/\/www.telemedicine.fi\/en\/konferenssit\/","title":{"rendered":"Conferences"},"content":{"rendered":"\t\t<div data-elementor-type=\"wp-post\" data-elementor-id=\"1191\" class=\"elementor elementor-1191\">\n\t\t\t\t<div class=\"elementor-element elementor-element-1eed5a7 e-flex e-con-boxed wpr-particle-no wpr-jarallax-no wpr-parallax-no wpr-sticky-section-no wpr-equal-height-no e-con e-parent\" data-id=\"1eed5a7\" data-element_type=\"container\" data-e-type=\"container\" data-settings=\"{&quot;background_background&quot;:&quot;classic&quot;}\">\n\t\t\t\t\t<div class=\"e-con-inner\">\n\t\t<div class=\"elementor-element elementor-element-1f55a68 e-con-full e-flex wpr-particle-no wpr-jarallax-no wpr-parallax-no wpr-sticky-section-no wpr-equal-height-no e-con e-child\" data-id=\"1f55a68\" data-element_type=\"container\" data-e-type=\"container\">\n\t\t\t\t<div class=\"elementor-element elementor-element-3af6aa7 elementor-widget elementor-widget-heading\" data-id=\"3af6aa7\" data-element_type=\"widget\" data-e-type=\"widget\" data-widget_type=\"heading.default\">\n\t\t\t\t<div class=\"elementor-widget-container\">\n\t\t\t\t\t<h1 class=\"elementor-heading-title elementor-size-default\">Konferenssit<\/h1>\t\t\t\t<\/div>\n\t\t\t\t<\/div>\n\t\t\t\t<\/div>\n\t\t\t\t\t<\/div>\n\t\t\t\t<\/div>\n\t\t<div class=\"elementor-element elementor-element-a21bb42 e-flex e-con-boxed wpr-particle-no wpr-jarallax-no wpr-parallax-no wpr-sticky-section-no wpr-equal-height-no e-con e-parent\" data-id=\"a21bb42\" data-element_type=\"container\" data-e-type=\"container\" data-settings=\"{&quot;background_background&quot;:&quot;classic&quot;}\">\n\t\t\t\t\t<div class=\"e-con-inner\">\n\t\t<div class=\"elementor-element elementor-element-db6316b e-con-full e-flex wpr-particle-no wpr-jarallax-no wpr-parallax-no wpr-sticky-section-no wpr-equal-height-no e-con e-child\" data-id=\"db6316b\" data-element_type=\"container\" data-e-type=\"container\">\n\t\t\t\t<div class=\"elementor-element elementor-element-7ef3d19 elementor-widget elementor-widget-text-editor\" data-id=\"7ef3d19\" data-element_type=\"widget\" data-e-type=\"widget\" data-widget_type=\"text-editor.default\">\n\t\t\t\t<div class=\"elementor-widget-container\">\n\t\t\t\t\t\t\t\t\t<p><strong>Osallistu STeHS:n vuosittaiseen konferenssiin!<\/strong><\/p><p>STeHS:n vuosittaiset konferenssit kokoavat yhteen terveydenhuollon asiantuntijat, palveluntuottajat, k\u00e4ytt\u00e4j\u00e4t sek\u00e4 kansalliset ja kansainv\u00e4liset j\u00e4rjest\u00f6t keskustelemaan alan ajankohtaisimmista aiheista. Konferenssit tarjoavat ainutlaatuisen tilaisuuden verkostoitumiseen ja uusimman tiedon jakamiseen. Tapahtumamme keski\u00f6ss\u00e4 ovat yhteis\u00f6llisyys, tiedonvaihto ja innovatiiviset ratkaisut.<\/p><p>Tule mukaan kuulemaan inspiroivia puheenvuoroja, jakamaan kokemuksia ja rakentamaan uusia yhteisty\u00f6suhteita terveydenhuollon t\u00e4rkeimpien toimijoiden kanssa!<\/p><p>Valitse alta konferenssit ja katso kyseisen vuoden ohjelmasis\u00e4lt\u00f6\u00e4.<\/p>\t\t\t\t\t\t\t\t<\/div>\n\t\t\t\t<\/div>\n\t\t\t\t<\/div>\n\t\t\t\t\t<\/div>\n\t\t\t\t<\/div>\n\t\t<div class=\"elementor-element elementor-element-c1ca077 e-flex e-con-boxed wpr-particle-no wpr-jarallax-no wpr-parallax-no wpr-sticky-section-no wpr-equal-height-no e-con e-parent\" data-id=\"c1ca077\" data-element_type=\"container\" data-e-type=\"container\">\n\t\t\t\t\t<div class=\"e-con-inner\">\n\t\t\t\t<div class=\"elementor-element elementor-element-09ffbeb wpr-grid-columns-1 wpr-grid-columns--tablet1 wpr-grid-columns--mobile1 wpr-grid-pagination-center wpr-item-styles-inner elementor-widget elementor-widget-wpr-grid\" data-id=\"09ffbeb\" data-element_type=\"widget\" data-e-type=\"widget\" data-widget_type=\"wpr-grid.default\">\n\t\t\t\t<div class=\"elementor-widget-container\">\n\t\t\t\t\t<ul class=\"wpr-grid-filters elementor-clearfix wpr-grid-filters-sep-right\"><li class=\" wpr-pointer-none wpr-pointer-line-fx wpr-pointer-fx-none\"><span   data-ajax-filter=[\"category\",\"konferenssi\"]  data-filter=\".category-konferenssi\">konferenssi<\/span><em class=\"wpr-grid-filters-sep\"><\/em><\/li><\/ul><section class=\"wpr-grid elementor-clearfix\" data-settings=\"{&quot;layout&quot;:&quot;list&quot;,&quot;stick_last_element_to_bottom&quot;:&quot;no&quot;,&quot;columns_desktop&quot;:&quot;1&quot;,&quot;gutter_hr&quot;:15,&quot;gutter_hr_mobile&quot;:15,&quot;gutter_hr_mobile_extra&quot;:15,&quot;gutter_hr_tablet&quot;:15,&quot;gutter_hr_tablet_extra&quot;:15,&quot;gutter_hr_laptop&quot;:15,&quot;gutter_hr_widescreen&quot;:15,&quot;gutter_vr&quot;:15,&quot;gutter_vr_mobile&quot;:15,&quot;gutter_vr_mobile_extra&quot;:15,&quot;gutter_vr_tablet&quot;:15,&quot;gutter_vr_tablet_extra&quot;:15,&quot;gutter_vr_laptop&quot;:15,&quot;gutter_vr_widescreen&quot;:15,&quot;animation&quot;:&quot;default&quot;,&quot;animation_duration&quot;:0.3,&quot;animation_delay&quot;:0.1,&quot;deeplinking&quot;:&quot;&quot;,&quot;filters_linkable&quot;:&quot;&quot;,&quot;filters_default_filter&quot;:&quot;&quot;,&quot;filters_count&quot;:&quot;&quot;,&quot;filters_hide_empty&quot;:&quot;&quot;,&quot;filters_animation&quot;:&quot;default&quot;,&quot;filters_animation_duration&quot;:0.3,&quot;filters_animation_delay&quot;:0.1,&quot;pagination_type&quot;:&quot;load-more&quot;,&quot;pagination_max_pages&quot;:1,&quot;media_align&quot;:&quot;left&quot;,&quot;media_width&quot;:0,&quot;media_distance&quot;:1,&quot;lightbox&quot;:{&quot;selector&quot;:&quot;.wpr-grid-image-wrap&quot;,&quot;iframeMaxWidth&quot;:&quot;60%&quot;,&quot;hash&quot;:false,&quot;autoplay&quot;:&quot;true&quot;,&quot;pause&quot;:5000,&quot;progressBar&quot;:&quot;true&quot;,&quot;counter&quot;:&quot;true&quot;,&quot;controls&quot;:&quot;true&quot;,&quot;getCaptionFromTitleOrAlt&quot;:&quot;true&quot;,&quot;thumbnail&quot;:&quot;&quot;,&quot;showThumbByDefault&quot;:&quot;&quot;,&quot;share&quot;:&quot;&quot;,&quot;zoom&quot;:&quot;true&quot;,&quot;fullScreen&quot;:&quot;true&quot;,&quot;download&quot;:&quot;true&quot;}}\" data-advanced-filters=\"no\"><article class=\"wpr-grid-item elementor-clearfix post-3862 post type-post status-publish format-standard has-post-thumbnail hentry category-konferenssi\"><div class=\"wpr-grid-item-inner\"><div class=\"wpr-grid-media-wrap wpr-effect-size-medium \" data-overlay-link=\"yes\"><div class=\"wpr-grid-image-wrap\" data-src=\"https:\/\/www.telemedicine.fi\/wp-content\/uploads\/2025\/11\/Designer.png\" data-img-on-hover=\"\"  data-src-secondary=\"\"><img decoding=\"async\" data-no-lazy=\"1\" src=\"https:\/\/www.telemedicine.fi\/wp-content\/uploads\/2025\/11\/Designer.png\" alt=\"liukuv\u00e4ritaustalla konferenssin teeman otsikko, kaksi ihmishahmoa tarkastelemassa tablet-tietokonetta\" class=\"wpr-anim-timing-ease-default\"><\/div><div class=\"wpr-grid-media-hover wpr-animation-wrap\"><div class=\"wpr-grid-media-hover-bg  wpr-overlay-fade-in wpr-anim-size-large wpr-anim-timing-ease-default wpr-anim-transparency\" data-url=\"https:\/\/www.telemedicine.fi\/en\/ehealth2026\/\"><\/div><\/div><\/div><div class=\"wpr-grid-item-below-content elementor-clearfix\"><h2 class=\"wpr-grid-item-title elementor-repeater-item-e185fa8 wpr-grid-item-display-block wpr-grid-item-align-left wpr-pointer-none wpr-pointer-line-fx wpr-pointer-fx-fade\"><div class=\"inner-block\"><a target=\"_self\" href=\"https:\/\/www.telemedicine.fi\/en\/ehealth2026\/\">eHealth2026 &#8211; kansainv\u00e4linen konferenssi 1.-2.10.2026<\/a><\/div><\/h2><div class=\"wpr-grid-item-excerpt elementor-repeater-item-7e5f630 wpr-grid-item-display-block wpr-grid-item-align-left\"><div class=\"inner-block\"><p>#eHealth2026 Helsingiss\u00e4 1.-2.10.2026 Seuran vuosittainen konferenssi j\u00e4rjestet\u00e4\u00e4n vuonna 2026 Helsingin yliopiston p\u00e4\u00e4rakennuksessa. #eHealth2026 kokoaa yhteen sosiaali-, terveys-, kuntoutus-, ja teknologia-alan...<\/p><\/div><\/div><div class=\"wpr-grid-item-read-more elementor-repeater-item-d036234 wpr-grid-item-display-block wpr-grid-item-align-left\"><div class=\"inner-block\"><a target=\"_self\" href=\"https:\/\/www.telemedicine.fi\/en\/ehealth2026\/\" class=\"wpr-button-effect wpr-button-none\"><span>Lue lis\u00e4\u00e4<\/span><\/a><\/div><\/div><\/div><\/div><\/article><article class=\"wpr-grid-item elementor-clearfix post-2730 post type-post status-publish format-standard has-post-thumbnail hentry category-konferenssi\"><div class=\"wpr-grid-item-inner\"><div class=\"wpr-grid-media-wrap wpr-effect-size-medium \" data-overlay-link=\"yes\"><div class=\"wpr-grid-image-wrap\" data-src=\"https:\/\/www.telemedicine.fi\/wp-content\/uploads\/2025\/03\/STeHS-konferenssi-2025.jpg\" data-img-on-hover=\"\"  data-src-secondary=\"\"><img decoding=\"async\" data-no-lazy=\"1\" src=\"https:\/\/www.telemedicine.fi\/wp-content\/uploads\/2025\/03\/STeHS-konferenssi-2025.jpg\" alt=\"STeHS konferenssi 2025\" class=\"wpr-anim-timing-ease-default\"><\/div><div class=\"wpr-grid-media-hover wpr-animation-wrap\"><div class=\"wpr-grid-media-hover-bg  wpr-overlay-fade-in wpr-anim-size-large wpr-anim-timing-ease-default wpr-anim-transparency\" data-url=\"https:\/\/www.telemedicine.fi\/en\/seura-30-vuotta-juhlakonferenssiristeily-ehealth2025\/\"><\/div><\/div><\/div><div class=\"wpr-grid-item-below-content elementor-clearfix\"><h2 class=\"wpr-grid-item-title elementor-repeater-item-e185fa8 wpr-grid-item-display-block wpr-grid-item-align-left wpr-pointer-none wpr-pointer-line-fx wpr-pointer-fx-fade\"><div class=\"inner-block\"><a target=\"_self\" href=\"https:\/\/www.telemedicine.fi\/en\/seura-30-vuotta-juhlakonferenssiristeily-ehealth2025\/\">Seura 30 vuotta &#8211; juhlakonferenssiristeily #eHealth2025<\/a><\/div><\/h2><div class=\"wpr-grid-item-excerpt elementor-repeater-item-7e5f630 wpr-grid-item-display-block wpr-grid-item-align-left\"><div class=\"inner-block\"><p>Seuramme juhlisti vuonna 2025 merkitt\u00e4v\u00e4\u00e4 virstanpylv\u00e4st\u00e4 eli 30-vuotisjuhlavuotta! Sen kunniaksi j\u00e4rjestimme vuotuisen p\u00e4\u00e4tapahtumamme laivakonferenssina Helsingist\u00e4 Tukholmaan Ms Gabriellalla 17.\u201319.9.2025 teemalla...<\/p><\/div><\/div><div class=\"wpr-grid-item-read-more elementor-repeater-item-d036234 wpr-grid-item-display-block wpr-grid-item-align-left\"><div class=\"inner-block\"><a target=\"_self\" href=\"https:\/\/www.telemedicine.fi\/en\/seura-30-vuotta-juhlakonferenssiristeily-ehealth2025\/\" class=\"wpr-button-effect wpr-button-none\"><span>Lue lis\u00e4\u00e4<\/span><\/a><\/div><\/div><\/div><\/div><\/article><article class=\"wpr-grid-item elementor-clearfix post-2521 post type-post status-publish format-standard hentry category-konferenssi\"><div class=\"wpr-grid-item-inner\"><div class=\"wpr-grid-item-below-content elementor-clearfix\"><h2 class=\"wpr-grid-item-title elementor-repeater-item-e185fa8 wpr-grid-item-display-block wpr-grid-item-align-left wpr-pointer-none wpr-pointer-line-fx wpr-pointer-fx-fade\"><div class=\"inner-block\"><a target=\"_self\" href=\"https:\/\/www.telemedicine.fi\/en\/29th-ehealth2024-international-conference-2024\/\">29th #eHealth2024 international conference 2024<\/a><\/div><\/h2><div class=\"wpr-grid-item-excerpt elementor-repeater-item-7e5f630 wpr-grid-item-display-block wpr-grid-item-align-left\"><div class=\"inner-block\"><p>From Research to Impact on Digital Health and Welfare Services Virallinen tapahtumasivusto: https:\/\/events.tuni.fi\/ehealth2024\/ \u00a0 29th #eHealth2024 CONFERENCE THEMES From research...<\/p><\/div><\/div><div class=\"wpr-grid-item-read-more elementor-repeater-item-d036234 wpr-grid-item-display-block wpr-grid-item-align-left\"><div class=\"inner-block\"><a target=\"_self\" href=\"https:\/\/www.telemedicine.fi\/en\/29th-ehealth2024-international-conference-2024\/\" class=\"wpr-button-effect wpr-button-none\"><span>Lue lis\u00e4\u00e4<\/span><\/a><\/div><\/div><\/div><\/div><\/article><article class=\"wpr-grid-item elementor-clearfix post-2586 post type-post status-publish format-standard hentry category-konferenssi\"><div class=\"wpr-grid-item-inner\"><div class=\"wpr-grid-item-below-content elementor-clearfix\"><h2 class=\"wpr-grid-item-title elementor-repeater-item-e185fa8 wpr-grid-item-display-block wpr-grid-item-align-left wpr-pointer-none wpr-pointer-line-fx wpr-pointer-fx-fade\"><div class=\"inner-block\"><a target=\"_self\" href=\"https:\/\/www.telemedicine.fi\/en\/ehealth2023-kansainvalinen-konferenssi-2023\/\">eHealth2023 &#8211; kansainv\u00e4linen konferenssi 2023<\/a><\/div><\/h2><div class=\"wpr-grid-item-excerpt elementor-repeater-item-7e5f630 wpr-grid-item-display-block wpr-grid-item-align-left\"><div class=\"inner-block\"><p>Seminaari j\u00e4rjestettiin Vantaan Tikkurilassa Laurean kampuksella 12.-13.10.2023 Main theme: Human oriented approach in eHealth and digital services&nbsp; Ilmoittautuminen, ajantasainen ohjelma...<\/p><\/div><\/div><div class=\"wpr-grid-item-read-more elementor-repeater-item-d036234 wpr-grid-item-display-block wpr-grid-item-align-left\"><div class=\"inner-block\"><a target=\"_self\" href=\"https:\/\/www.telemedicine.fi\/en\/ehealth2023-kansainvalinen-konferenssi-2023\/\" class=\"wpr-button-effect wpr-button-none\"><span>Lue lis\u00e4\u00e4<\/span><\/a><\/div><\/div><\/div><\/div><\/article><article class=\"wpr-grid-item elementor-clearfix post-2581 post type-post status-publish format-standard hentry category-konferenssi\"><div class=\"wpr-grid-item-inner\"><div class=\"wpr-grid-item-below-content elementor-clearfix\"><h2 class=\"wpr-grid-item-title elementor-repeater-item-e185fa8 wpr-grid-item-display-block wpr-grid-item-align-left wpr-pointer-none wpr-pointer-line-fx wpr-pointer-fx-fade\"><div class=\"inner-block\"><a target=\"_self\" href=\"https:\/\/www.telemedicine.fi\/en\/ehealth2022-kansainvalinen-konferenssi-2022\/\">eHealth2022 &#8211; kansainv\u00e4linen konferenssi 2022<\/a><\/div><\/h2><div class=\"wpr-grid-item-excerpt elementor-repeater-item-7e5f630 wpr-grid-item-display-block wpr-grid-item-align-left\"><div class=\"inner-block\"><p>#eHealth2022 \u2013 International Conference &amp; The 27th Finnish National Conference on Telemedicine and eHealth Digital Health &#8211; from Research to...<\/p><\/div><\/div><div class=\"wpr-grid-item-read-more elementor-repeater-item-d036234 wpr-grid-item-display-block wpr-grid-item-align-left\"><div class=\"inner-block\"><a target=\"_self\" href=\"https:\/\/www.telemedicine.fi\/en\/ehealth2022-kansainvalinen-konferenssi-2022\/\" class=\"wpr-button-effect wpr-button-none\"><span>Lue lis\u00e4\u00e4<\/span><\/a><\/div><\/div><\/div><\/div><\/article><article class=\"wpr-grid-item elementor-clearfix post-3355 post type-post status-publish format-standard hentry category-konferenssi category-uutiset tag-isfteh\"><div class=\"wpr-grid-item-inner\"><div class=\"wpr-grid-item-below-content elementor-clearfix\"><h2 class=\"wpr-grid-item-title elementor-repeater-item-e185fa8 wpr-grid-item-display-block wpr-grid-item-align-left wpr-pointer-none wpr-pointer-line-fx wpr-pointer-fx-fade\"><div class=\"inner-block\"><a target=\"_self\" href=\"https:\/\/www.telemedicine.fi\/en\/global-connections-for-sustainable-telehealth-conference\/\">Global Connections for Sustainable Telehealth Conference<\/a><\/div><\/h2><div class=\"wpr-grid-item-excerpt elementor-repeater-item-7e5f630 wpr-grid-item-display-block wpr-grid-item-align-left\"><div class=\"inner-block\"><p>For the first time, the ISfTeH (International Society for Telemedicine &amp; eHealth) brings together its network of international experts to...<\/p><\/div><\/div><div class=\"wpr-grid-item-read-more elementor-repeater-item-d036234 wpr-grid-item-display-block wpr-grid-item-align-left\"><div class=\"inner-block\"><a target=\"_self\" href=\"https:\/\/www.telemedicine.fi\/en\/global-connections-for-sustainable-telehealth-conference\/\" class=\"wpr-button-effect wpr-button-none\"><span>Lue lis\u00e4\u00e4<\/span><\/a><\/div><\/div><\/div><\/div><\/article><article class=\"wpr-grid-item elementor-clearfix post-2555 post type-post status-publish format-standard hentry category-konferenssi\"><div class=\"wpr-grid-item-inner\"><div class=\"wpr-grid-item-below-content elementor-clearfix\"><h2 class=\"wpr-grid-item-title elementor-repeater-item-e185fa8 wpr-grid-item-display-block wpr-grid-item-align-left wpr-pointer-none wpr-pointer-line-fx wpr-pointer-fx-fade\"><div class=\"inner-block\"><a target=\"_self\" href=\"https:\/\/www.telemedicine.fi\/en\/ehealth2021-kansainvalinen-konferenssi-2021\/\">eHealth2021 &#8211; kansainv\u00e4linen konferenssi 2021<\/a><\/div><\/h2><div class=\"wpr-grid-item-excerpt elementor-repeater-item-7e5f630 wpr-grid-item-display-block wpr-grid-item-align-left\"><div class=\"inner-block\"><p>#eHealth2021 \u2013 International Conference &amp; The 26th Finnish National Conference on Telemedicine and eHealth, \u201deHealth in a Lifecycle\u201d 7-8.10.2021, Oulu.\u200b...<\/p><\/div><\/div><div class=\"wpr-grid-item-read-more elementor-repeater-item-d036234 wpr-grid-item-display-block wpr-grid-item-align-left\"><div class=\"inner-block\"><a target=\"_self\" href=\"https:\/\/www.telemedicine.fi\/en\/ehealth2021-kansainvalinen-konferenssi-2021\/\" class=\"wpr-button-effect wpr-button-none\"><span>Lue lis\u00e4\u00e4<\/span><\/a><\/div><\/div><\/div><\/div><\/article><article class=\"wpr-grid-item elementor-clearfix post-2553 post type-post status-publish format-standard hentry category-konferenssi\"><div class=\"wpr-grid-item-inner\"><div class=\"wpr-grid-item-below-content elementor-clearfix\"><h2 class=\"wpr-grid-item-title elementor-repeater-item-e185fa8 wpr-grid-item-display-block wpr-grid-item-align-left wpr-pointer-none wpr-pointer-line-fx wpr-pointer-fx-fade\"><div class=\"inner-block\"><a target=\"_self\" href=\"https:\/\/www.telemedicine.fi\/en\/ehealth2020-kansainvalinen-konferenssi-2020\/\">eHealth2020 &#8211; kansainv\u00e4linen konferenssi 2020<\/a><\/div><\/h2><div class=\"wpr-grid-item-excerpt elementor-repeater-item-7e5f630 wpr-grid-item-display-block wpr-grid-item-align-left\"><div class=\"inner-block\"><p>#eHealth2020 \u2013 International Conference siirtyy pidett\u00e4v\u00e4ksi virtuaalisena 1.10.2020 Vallitsevasta koronavirustilanteesta (COVID-19) johtuen Suomen telel\u00e4\u00e4ketieteen ja eHealth seura ry on p\u00e4\u00e4tt\u00e4nyt...<\/p><\/div><\/div><div class=\"wpr-grid-item-read-more elementor-repeater-item-d036234 wpr-grid-item-display-block wpr-grid-item-align-left\"><div class=\"inner-block\"><a target=\"_self\" href=\"https:\/\/www.telemedicine.fi\/en\/ehealth2020-kansainvalinen-konferenssi-2020\/\" class=\"wpr-button-effect wpr-button-none\"><span>Lue lis\u00e4\u00e4<\/span><\/a><\/div><\/div><\/div><\/div><\/article><article class=\"wpr-grid-item elementor-clearfix post-2545 post type-post status-publish format-standard hentry category-konferenssi\"><div class=\"wpr-grid-item-inner\"><div class=\"wpr-grid-item-below-content elementor-clearfix\"><h2 class=\"wpr-grid-item-title elementor-repeater-item-e185fa8 wpr-grid-item-display-block wpr-grid-item-align-left wpr-pointer-none wpr-pointer-line-fx wpr-pointer-fx-fade\"><div class=\"inner-block\"><a target=\"_self\" href=\"https:\/\/www.telemedicine.fi\/en\/ehealth2019-kansainvalinen-konferenssi-2019\/\">eHealth2019 &#8211; kansainv\u00e4linen konferenssi 2019<\/a><\/div><\/h2><div class=\"wpr-grid-item-excerpt elementor-repeater-item-7e5f630 wpr-grid-item-display-block wpr-grid-item-align-left\"><div class=\"inner-block\"><p>eHealth2019 International Conference. XXIV kansallinen telel\u00e4\u00e4ketieteen ja eHealth seminaari \u201dTieto ei ole kaakana\u201d 2.-3.4.2019, Kuopio eHealth2019 International Conference Vuoden 2019...<\/p><\/div><\/div><div class=\"wpr-grid-item-read-more elementor-repeater-item-d036234 wpr-grid-item-display-block wpr-grid-item-align-left\"><div class=\"inner-block\"><a target=\"_self\" href=\"https:\/\/www.telemedicine.fi\/en\/ehealth2019-kansainvalinen-konferenssi-2019\/\" class=\"wpr-button-effect wpr-button-none\"><span>Lue lis\u00e4\u00e4<\/span><\/a><\/div><\/div><\/div><\/div><\/article><article class=\"wpr-grid-item elementor-clearfix post-2534 post type-post status-publish format-standard hentry category-konferenssi\"><div class=\"wpr-grid-item-inner\"><div class=\"wpr-grid-item-below-content elementor-clearfix\"><h2 class=\"wpr-grid-item-title elementor-repeater-item-e185fa8 wpr-grid-item-display-block wpr-grid-item-align-left wpr-pointer-none wpr-pointer-line-fx wpr-pointer-fx-fade\"><div class=\"inner-block\"><a target=\"_self\" href=\"https:\/\/www.telemedicine.fi\/en\/ehealth2018-kansainvalinen-seminaari-2018\/\">eHealth2018 &#8211; Kansainv\u00e4linen seminaari 2018<\/a><\/div><\/h2><div class=\"wpr-grid-item-excerpt elementor-repeater-item-7e5f630 wpr-grid-item-display-block wpr-grid-item-align-left\"><div class=\"inner-block\"><p>23. ISfTeH kansainv\u00e4linen telel\u00e4\u00e4ketieteen ja eHealth seminaari XXIII kansallinen telel\u00e4\u00e4ketieteen ja eHealth seminaari \u201dYhteis\u00f6t yhteisty\u00f6h\u00f6n muutoksen kynnyksell\u00e4\u201d eHealth2018 &#8211; Kansainv\u00e4linen...<\/p><\/div><\/div><div class=\"wpr-grid-item-read-more elementor-repeater-item-d036234 wpr-grid-item-display-block wpr-grid-item-align-left\"><div class=\"inner-block\"><a target=\"_self\" href=\"https:\/\/www.telemedicine.fi\/en\/ehealth2018-kansainvalinen-seminaari-2018\/\" class=\"wpr-button-effect wpr-button-none\"><span>Lue lis\u00e4\u00e4<\/span><\/a><\/div><\/div><\/div><\/div><\/article><article class=\"wpr-grid-item elementor-clearfix post-2598 post type-post status-publish format-standard hentry category-konferenssi\"><div class=\"wpr-grid-item-inner\"><div class=\"wpr-grid-item-below-content elementor-clearfix\"><h2 class=\"wpr-grid-item-title elementor-repeater-item-e185fa8 wpr-grid-item-display-block wpr-grid-item-align-left wpr-pointer-none wpr-pointer-line-fx wpr-pointer-fx-fade\"><div class=\"inner-block\"><a target=\"_self\" href=\"https:\/\/www.telemedicine.fi\/en\/kansallinen-konferenssi-2017\/\">Kansallinen konferenssi 2017<\/a><\/div><\/h2><div class=\"wpr-grid-item-excerpt elementor-repeater-item-7e5f630 wpr-grid-item-display-block wpr-grid-item-align-left\"><div class=\"inner-block\"><p>XXII Kansallinen telel\u00e4\u00e4ketieteen ja eHealth \u2013seminaari 20.-21.4.2017 Turussa \u201dWin-Win-Win, voittaako kansalainen, ammattilainen ja yhteiskunta?\u201d Seminaarissamme toimme keskusteluun kansalaisen, ammattilaisen ja...<\/p><\/div><\/div><div class=\"wpr-grid-item-read-more elementor-repeater-item-d036234 wpr-grid-item-display-block wpr-grid-item-align-left\"><div class=\"inner-block\"><a target=\"_self\" href=\"https:\/\/www.telemedicine.fi\/en\/kansallinen-konferenssi-2017\/\" class=\"wpr-button-effect wpr-button-none\"><span>Lue lis\u00e4\u00e4<\/span><\/a><\/div><\/div><\/div><\/div><\/article><article class=\"wpr-grid-item elementor-clearfix post-2605 post type-post status-publish format-standard hentry category-konferenssi\"><div class=\"wpr-grid-item-inner\"><div class=\"wpr-grid-item-below-content elementor-clearfix\"><h2 class=\"wpr-grid-item-title elementor-repeater-item-e185fa8 wpr-grid-item-display-block wpr-grid-item-align-left wpr-pointer-none wpr-pointer-line-fx wpr-pointer-fx-fade\"><div class=\"inner-block\"><a target=\"_self\" href=\"https:\/\/www.telemedicine.fi\/en\/nordic-ehealth-kansallinen-konferenssi-2016\/\">Nordic eHealth &#038; kansallinen konferenssi 2016<\/a><\/div><\/h2><div class=\"wpr-grid-item-excerpt elementor-repeater-item-7e5f630 wpr-grid-item-display-block wpr-grid-item-align-left\"><div class=\"inner-block\"><p>Nordic eHealth 2016 &amp; XXI Kansallinen telel\u00e4\u00e4ketieteen ja eHealth \u2013seminaari 14.-16.4.2016 M\/S Mariella Helsinki-Tukholma-Helsinki \u201dDigitalisaatio ja kokeilukulttuuri\u201d Seminaarin teemana oli...<\/p><\/div><\/div><div class=\"wpr-grid-item-read-more elementor-repeater-item-d036234 wpr-grid-item-display-block wpr-grid-item-align-left\"><div class=\"inner-block\"><a target=\"_self\" href=\"https:\/\/www.telemedicine.fi\/en\/nordic-ehealth-kansallinen-konferenssi-2016\/\" class=\"wpr-button-effect wpr-button-none\"><span>Lue lis\u00e4\u00e4<\/span><\/a><\/div><\/div><\/div><\/div><\/article><article class=\"wpr-grid-item elementor-clearfix post-2621 post type-post status-publish format-standard hentry category-konferenssi\"><div class=\"wpr-grid-item-inner\"><div class=\"wpr-grid-item-below-content elementor-clearfix\"><h2 class=\"wpr-grid-item-title elementor-repeater-item-e185fa8 wpr-grid-item-display-block wpr-grid-item-align-left wpr-pointer-none wpr-pointer-line-fx wpr-pointer-fx-fade\"><div class=\"inner-block\"><a target=\"_self\" href=\"https:\/\/www.telemedicine.fi\/en\/kansallinen-seminaari-2015\/\">Kansallinen seminaari 2015<\/a><\/div><\/h2><div class=\"wpr-grid-item-excerpt elementor-repeater-item-7e5f630 wpr-grid-item-display-block wpr-grid-item-align-left\"><div class=\"inner-block\"><p>XX Kansallinen Telel\u00e4\u00e4ketieteen ja eHealth-seminaari 9. \u2013 10.4.2015 Espoossa L\u00e4mmin kiitos kaikille mukana olleille aktiivisesta osallistumisesta!20-vuotisjuhlaseminaari esitteli ajankohtaisen katsauksen kansainv\u00e4lisiin...<\/p><\/div><\/div><div class=\"wpr-grid-item-read-more elementor-repeater-item-d036234 wpr-grid-item-display-block wpr-grid-item-align-left\"><div class=\"inner-block\"><a target=\"_self\" href=\"https:\/\/www.telemedicine.fi\/en\/kansallinen-seminaari-2015\/\" class=\"wpr-button-effect wpr-button-none\"><span>Lue lis\u00e4\u00e4<\/span><\/a><\/div><\/div><\/div><\/div><\/article><article class=\"wpr-grid-item elementor-clearfix post-2626 post type-post status-publish format-standard hentry category-konferenssi\"><div class=\"wpr-grid-item-inner\"><div class=\"wpr-grid-item-below-content elementor-clearfix\"><h2 class=\"wpr-grid-item-title elementor-repeater-item-e185fa8 wpr-grid-item-display-block wpr-grid-item-align-left wpr-pointer-none wpr-pointer-line-fx wpr-pointer-fx-fade\"><div class=\"inner-block\"><a target=\"_self\" href=\"https:\/\/www.telemedicine.fi\/en\/kansallinen-seminaari-2014\/\">Kansallinen seminaari 2014<\/a><\/div><\/h2><div class=\"wpr-grid-item-excerpt elementor-repeater-item-7e5f630 wpr-grid-item-display-block wpr-grid-item-align-left\"><div class=\"inner-block\"><p>XIX Kansallinen telel\u00e4\u00e4ketieteen ja e-Health seminaari &#8221;Matkalla vaikuttavaan eTerveyteen\u201d 23.-24.4.2014 Tallinnassa Virossa L\u00e4mmin kiitos kaikille mukana olleille aktiivisesta osallistumisesta! Seminaari...<\/p><\/div><\/div><div class=\"wpr-grid-item-read-more elementor-repeater-item-d036234 wpr-grid-item-display-block wpr-grid-item-align-left\"><div class=\"inner-block\"><a target=\"_self\" href=\"https:\/\/www.telemedicine.fi\/en\/kansallinen-seminaari-2014\/\" class=\"wpr-button-effect wpr-button-none\"><span>Lue lis\u00e4\u00e4<\/span><\/a><\/div><\/div><\/div><\/div><\/article><article class=\"wpr-grid-item elementor-clearfix post-2627 post type-post status-publish format-standard hentry category-konferenssi\"><div class=\"wpr-grid-item-inner\"><div class=\"wpr-grid-item-below-content elementor-clearfix\"><h2 class=\"wpr-grid-item-title elementor-repeater-item-e185fa8 wpr-grid-item-display-block wpr-grid-item-align-left wpr-pointer-none wpr-pointer-line-fx wpr-pointer-fx-fade\"><div class=\"inner-block\"><a target=\"_self\" href=\"https:\/\/www.telemedicine.fi\/en\/kansallinen-seminaari-2013\/\">Kansallinen seminaari 2013<\/a><\/div><\/h2><div class=\"wpr-grid-item-excerpt elementor-repeater-item-7e5f630 wpr-grid-item-display-block wpr-grid-item-align-left\"><div class=\"inner-block\"><p>XVIII Kansallinen telel\u00e4\u00e4ketieteen ja e-Health seminaari &#8221;Teknologiatalkoilla parempiin hoitotuloksiin\u201d 18.-19.4.2013 Sein\u00e4joella L\u00e4mmin kiitos kaikille mukana olleille aktiivisesta osallistumisesta! Seminaari esitteli...<\/p><\/div><\/div><div class=\"wpr-grid-item-read-more elementor-repeater-item-d036234 wpr-grid-item-display-block wpr-grid-item-align-left\"><div class=\"inner-block\"><a target=\"_self\" href=\"https:\/\/www.telemedicine.fi\/en\/kansallinen-seminaari-2013\/\" class=\"wpr-button-effect wpr-button-none\"><span>Lue lis\u00e4\u00e4<\/span><\/a><\/div><\/div><\/div><\/div><\/article><article class=\"wpr-grid-item elementor-clearfix post-2633 post type-post status-publish format-standard hentry category-konferenssi\"><div class=\"wpr-grid-item-inner\"><div class=\"wpr-grid-item-below-content elementor-clearfix\"><h2 class=\"wpr-grid-item-title elementor-repeater-item-e185fa8 wpr-grid-item-display-block wpr-grid-item-align-left wpr-pointer-none wpr-pointer-line-fx wpr-pointer-fx-fade\"><div class=\"inner-block\"><a target=\"_self\" href=\"https:\/\/www.telemedicine.fi\/en\/kansallinen-seminaari-2012\/\">Kansallinen seminaari 2012<\/a><\/div><\/h2><div class=\"wpr-grid-item-excerpt elementor-repeater-item-7e5f630 wpr-grid-item-display-block wpr-grid-item-align-left\"><div class=\"inner-block\"><p>XVII Kansallinen telel\u00e4\u00e4ketieteen ja eHealth \u2013seminaari 11.-13.4.2012 M\/S Mariella Helsinki-Tukholma-Helsinki L\u00e4mmin kiitos kaikille mukana olleille aktiivisesta osallistumisesta!\u00a0 Seminaari esitteli ajankohtaisen...<\/p><\/div><\/div><div class=\"wpr-grid-item-read-more elementor-repeater-item-d036234 wpr-grid-item-display-block wpr-grid-item-align-left\"><div class=\"inner-block\"><a target=\"_self\" href=\"https:\/\/www.telemedicine.fi\/en\/kansallinen-seminaari-2012\/\" class=\"wpr-button-effect wpr-button-none\"><span>Lue lis\u00e4\u00e4<\/span><\/a><\/div><\/div><\/div><\/div><\/article><article class=\"wpr-grid-item elementor-clearfix post-2638 post type-post status-publish format-standard hentry category-konferenssi\"><div class=\"wpr-grid-item-inner\"><div class=\"wpr-grid-item-below-content elementor-clearfix\"><h2 class=\"wpr-grid-item-title elementor-repeater-item-e185fa8 wpr-grid-item-display-block wpr-grid-item-align-left wpr-pointer-none wpr-pointer-line-fx wpr-pointer-fx-fade\"><div class=\"inner-block\"><a target=\"_self\" href=\"https:\/\/www.telemedicine.fi\/en\/kansallinen-seminaari-2011\/\">Kansallinen seminaari 2011<\/a><\/div><\/h2><div class=\"wpr-grid-item-excerpt elementor-repeater-item-7e5f630 wpr-grid-item-display-block wpr-grid-item-align-left\"><div class=\"inner-block\"><p>XVI Kansallinen telel\u00e4\u00e4ketieteen ja e-Health seminaari &#8221;Maalta maailmalle &#8211; Aluemalli terveyspalveluiden kehitt\u00e4misess\u00e4\u201d 14.-15.4.2011 Joensuussa L\u00e4mmin kiitos kaikille mukana olleille aktiivisesta...<\/p><\/div><\/div><div class=\"wpr-grid-item-read-more elementor-repeater-item-d036234 wpr-grid-item-display-block wpr-grid-item-align-left\"><div class=\"inner-block\"><a target=\"_self\" href=\"https:\/\/www.telemedicine.fi\/en\/kansallinen-seminaari-2011\/\" class=\"wpr-button-effect wpr-button-none\"><span>Lue lis\u00e4\u00e4<\/span><\/a><\/div><\/div><\/div><\/div><\/article><article class=\"wpr-grid-item elementor-clearfix post-2644 post type-post status-publish format-standard hentry category-konferenssi\"><div class=\"wpr-grid-item-inner\"><div class=\"wpr-grid-item-below-content elementor-clearfix\"><h2 class=\"wpr-grid-item-title elementor-repeater-item-e185fa8 wpr-grid-item-display-block wpr-grid-item-align-left wpr-pointer-none wpr-pointer-line-fx wpr-pointer-fx-fade\"><div class=\"inner-block\"><a target=\"_self\" href=\"https:\/\/www.telemedicine.fi\/en\/kansallinen-seminaari-2010\/\">Kansallinen seminaari 2010<\/a><\/div><\/h2><div class=\"wpr-grid-item-excerpt elementor-repeater-item-7e5f630 wpr-grid-item-display-block wpr-grid-item-align-left\"><div class=\"inner-block\"><p>XV Kansallinen telel\u00e4\u00e4ketieteen ja e-Health seminaari &#8221;Katse yli rajojen&#8221; &#8211; &#8221;Sight towards new frontiers&#8221; 8.-10.4.2010, M\/S Viking Mariella, Helsinki-Tukholma-Helsinki. L\u00e4mmin...<\/p><\/div><\/div><div class=\"wpr-grid-item-read-more elementor-repeater-item-d036234 wpr-grid-item-display-block wpr-grid-item-align-left\"><div class=\"inner-block\"><a target=\"_self\" href=\"https:\/\/www.telemedicine.fi\/en\/kansallinen-seminaari-2010\/\" class=\"wpr-button-effect wpr-button-none\"><span>Lue lis\u00e4\u00e4<\/span><\/a><\/div><\/div><\/div><\/div><\/article><article class=\"wpr-grid-item elementor-clearfix post-2649 post type-post status-publish format-standard hentry category-konferenssi\"><div class=\"wpr-grid-item-inner\"><div class=\"wpr-grid-item-below-content elementor-clearfix\"><h2 class=\"wpr-grid-item-title elementor-repeater-item-e185fa8 wpr-grid-item-display-block wpr-grid-item-align-left wpr-pointer-none wpr-pointer-line-fx wpr-pointer-fx-fade\"><div class=\"inner-block\"><a target=\"_self\" href=\"https:\/\/www.telemedicine.fi\/en\/kansallinen-seminaari-2009\/\">Kansallinen seminaari 2009<\/a><\/div><\/h2><div class=\"wpr-grid-item-excerpt elementor-repeater-item-7e5f630 wpr-grid-item-display-block wpr-grid-item-align-left\"><div class=\"inner-block\"><p>XIV Kansallinen telel\u00e4\u00e4ketieteen ja eHealth-seminaari \u201cTerveytt\u00e4 verkosta ja verkostosta\u201d 2.-3.4.2009 Oulussa Seminaari esittelee ajankohtaisen katsauksen kansainv\u00e4lisiin eHealth virtauksiin ja kansallisen...<\/p><\/div><\/div><div class=\"wpr-grid-item-read-more elementor-repeater-item-d036234 wpr-grid-item-display-block wpr-grid-item-align-left\"><div class=\"inner-block\"><a target=\"_self\" href=\"https:\/\/www.telemedicine.fi\/en\/kansallinen-seminaari-2009\/\" class=\"wpr-button-effect wpr-button-none\"><span>Lue lis\u00e4\u00e4<\/span><\/a><\/div><\/div><\/div><\/div><\/article><article class=\"wpr-grid-item elementor-clearfix post-2654 post type-post status-publish format-standard hentry category-konferenssi\"><div class=\"wpr-grid-item-inner\"><div class=\"wpr-grid-item-below-content elementor-clearfix\"><h2 class=\"wpr-grid-item-title elementor-repeater-item-e185fa8 wpr-grid-item-display-block wpr-grid-item-align-left wpr-pointer-none wpr-pointer-line-fx wpr-pointer-fx-fade\"><div class=\"inner-block\"><a target=\"_self\" href=\"https:\/\/www.telemedicine.fi\/en\/kansallinen-seminaari-2008\/\">Kansallinen seminaari 2008<\/a><\/div><\/h2><div class=\"wpr-grid-item-excerpt elementor-repeater-item-7e5f630 wpr-grid-item-display-block wpr-grid-item-align-left\"><div class=\"inner-block\"><p>Seura j\u00e4rjesti XIII Kansallisen telel\u00e4\u00e4ketieteen ja e-Health seminaarin Hki-Tukholma-Hki vuosikokousseminaarina M\/S Viking Mariellalla 2.- 4.4.2008. Seminaarin p\u00e4\u00e4teemoina olivat\u00a0kansalaisten s\u00e4hk\u00f6iset terveyspalvelut...<\/p><\/div><\/div><div class=\"wpr-grid-item-read-more elementor-repeater-item-d036234 wpr-grid-item-display-block wpr-grid-item-align-left\"><div class=\"inner-block\"><a target=\"_self\" href=\"https:\/\/www.telemedicine.fi\/en\/kansallinen-seminaari-2008\/\" class=\"wpr-button-effect wpr-button-none\"><span>Lue lis\u00e4\u00e4<\/span><\/a><\/div><\/div><\/div><\/div><\/article><\/section>\t\t\t\t<\/div>\n\t\t\t\t<\/div>\n\t\t\t\t\t<\/div>\n\t\t\t\t<\/div>\n\t\t\t\t<\/div>\n\t\t","protected":false},"excerpt":{"rendered":"<p>Konferenssit Osallistu STeHS:n vuosittaiseen konferenssiin! STeHS:n vuosittaiset konferenssit kokoavat yhteen terveydenhuollon asiantuntijat, palveluntuottajat, k\u00e4ytt\u00e4j\u00e4t sek\u00e4 kansalliset ja kansainv\u00e4liset j\u00e4rjest\u00f6t keskustelemaan alan ajankohtaisimmista aiheista. Konferenssit tarjoavat ainutlaatuisen tilaisuuden verkostoitumiseen ja uusimman tiedon jakamiseen. Tapahtumamme keski\u00f6ss\u00e4 ovat yhteis\u00f6llisyys, tiedonvaihto ja innovatiiviset ratkaisut. Tule mukaan kuulemaan inspiroivia puheenvuoroja, jakamaan kokemuksia ja rakentamaan uusia yhteisty\u00f6suhteita terveydenhuollon t\u00e4rkeimpien toimijoiden kanssa! Valitse alta konferenssit ja katso kyseisen vuoden ohjelmasis\u00e4lt\u00f6\u00e4. konferenssi 29th #eHealth2024 international conference 2024 From Research to Impact on Digital Health and Welfare Services Virallinen tapahtumasivusto: https:\/\/events.tuni.fi\/ehealth2024\/ \u00a0 29th #eHealth2024 CONFERENCE THEMES From research&hellip; Lue lis\u00e4\u00e4 eHealth2023 &#8211; kansainv\u00e4linen konferenssi 2023 Seminaari j\u00e4rjestettiin Vantaan Tikkurilassa Laurean kampuksella 12.-13.10.2023 Main theme: Human oriented approach in eHealth and digital services\u00a0 Ilmoittautuminen, ajantasainen ohjelma&hellip; Lue lis\u00e4\u00e4 eHealth2022 &#8211; kansainv\u00e4linen konferenssi 2022 #eHealth2022 \u2013 International Conference &amp; The 27th Finnish National Conference on Telemedicine and eHealth Digital Health &#8211; from Research to&hellip; Lue lis\u00e4\u00e4 eHealth2021 &#8211; kansainv\u00e4linen konferenssi 2021 #eHealth2021 \u2013 International Conference &amp; The 26th Finnish National Conference on Telemedicine and eHealth, \u201deHealth in a Lifecycle\u201d 7-8.10.2021, Oulu.\u200b&hellip; Lue lis\u00e4\u00e4 eHealth2020 &#8211; kansainv\u00e4linen konferenssi 2020 #eHealth2020 \u2013 International Conference siirtyy pidett\u00e4v\u00e4ksi virtuaalisena 1.10.2020 Vallitsevasta koronavirustilanteesta (COVID-19) johtuen Suomen telel\u00e4\u00e4ketieteen ja eHealth seura ry on p\u00e4\u00e4tt\u00e4nyt&hellip; Lue lis\u00e4\u00e4 eHealth2019 &#8211; kansainv\u00e4linen konferenssi 2019 eHealth2019 International Conference. XXIV kansallinen telel\u00e4\u00e4ketieteen ja eHealth seminaari \u201dTieto ei ole kaakana\u201d 2.-3.4.2019, Kuopio eHealth2019 International Conference Vuoden 2019&hellip; Lue lis\u00e4\u00e4 eHealth2018 &#8211; Kansainv\u00e4linen seminaari 2018 23. ISfTeH kansainv\u00e4linen telel\u00e4\u00e4ketieteen ja eHealth seminaari XXIII kansallinen telel\u00e4\u00e4ketieteen ja eHealth seminaari \u201dYhteis\u00f6t yhteisty\u00f6h\u00f6n muutoksen kynnyksell\u00e4\u201d eHealth2018 &#8211; Kansainv\u00e4linen&hellip; Lue lis\u00e4\u00e4 Kansallinen konferenssi 2017 XXII Kansallinen telel\u00e4\u00e4ketieteen ja eHealth \u2013seminaari 20.-21.4.2017 Turussa \u201dWin-Win-Win, voittaako kansalainen, ammattilainen ja yhteiskunta?\u201d Seminaarissamme toimme keskusteluun kansalaisen, ammattilaisen ja&hellip; Lue lis\u00e4\u00e4 Nordic eHealth &#038; kansallinen konferenssi 2016 Nordic eHealth 2016 &amp; XXI Kansallinen telel\u00e4\u00e4ketieteen ja eHealth \u2013seminaari 14.-16.4.2016 M\/S Mariella Helsinki-Tukholma-Helsinki \u201dDigitalisaatio ja kokeilukulttuuri\u201d Seminaarin teemana oli&hellip; Lue lis\u00e4\u00e4 Kansallinen seminaari 2015 XX Kansallinen Telel\u00e4\u00e4ketieteen ja eHealth-seminaari 9. \u2013 10.4.2015 Espoossa L\u00e4mmin kiitos kaikille mukana olleille aktiivisesta osallistumisesta!20-vuotisjuhlaseminaari esitteli ajankohtaisen katsauksen kansainv\u00e4lisiin&hellip; Lue lis\u00e4\u00e4 Kansallinen seminaari 2014 XIX Kansallinen telel\u00e4\u00e4ketieteen ja e-Health seminaari &#8221;Matkalla vaikuttavaan eTerveyteen\u201d 23.-24.4.2014 Tallinnassa Virossa L\u00e4mmin kiitos kaikille mukana olleille aktiivisesta osallistumisesta! Seminaari&hellip; Lue lis\u00e4\u00e4 Kansallinen seminaari 2013 XVIII Kansallinen telel\u00e4\u00e4ketieteen ja e-Health seminaari &#8221;Teknologiatalkoilla parempiin hoitotuloksiin\u201d 18.-19.4.2013 Sein\u00e4joella L\u00e4mmin kiitos kaikille mukana olleille aktiivisesta osallistumisesta! Seminaari esitteli&hellip; Lue lis\u00e4\u00e4 Kansallinen seminaari 2012 XVII Kansallinen telel\u00e4\u00e4ketieteen ja eHealth \u2013seminaari 11.-13.4.2012 M\/S Mariella Helsinki-Tukholma-Helsinki L\u00e4mmin kiitos kaikille mukana olleille aktiivisesta osallistumisesta!\u00a0 Seminaari esitteli ajankohtaisen&hellip; Lue lis\u00e4\u00e4 Kansallinen seminaari 2011 XVI Kansallinen telel\u00e4\u00e4ketieteen ja e-Health seminaari &#8221;Maalta maailmalle &#8211; Aluemalli terveyspalveluiden kehitt\u00e4misess\u00e4\u201d 14.-15.4.2011 Joensuussa L\u00e4mmin kiitos kaikille mukana olleille aktiivisesta&hellip; Lue lis\u00e4\u00e4 Kansallinen seminaari 2010 XV Kansallinen telel\u00e4\u00e4ketieteen ja e-Health seminaari &#8221;Katse yli rajojen&#8221; &#8211; &#8221;Sight towards new frontiers&#8221; 8.-10.4.2010, M\/S Viking Mariella, Helsinki-Tukholma-Helsinki. L\u00e4mmin&hellip; Lue lis\u00e4\u00e4 Kansallinen seminaari 2009 XIV Kansallinen telel\u00e4\u00e4ketieteen ja eHealth-seminaari \u201cTerveytt\u00e4 verkosta ja verkostosta\u201d 2.-3.4.2009 Oulussa Seminaari esittelee ajankohtaisen katsauksen kansainv\u00e4lisiin eHealth virtauksiin ja kansallisen&hellip; Lue lis\u00e4\u00e4 Kansallinen seminaari 2008 Seura j\u00e4rjesti XIII Kansallisen telel\u00e4\u00e4ketieteen ja e-Health seminaarin Hki-Tukholma-Hki vuosikokousseminaarina M\/S Viking Mariellalla 2.- 4.4.2008. Seminaarin p\u00e4\u00e4teemoina olivat\u00a0kansalaisten s\u00e4hk\u00f6iset terveyspalvelut&hellip; Lue lis\u00e4\u00e4<\/p>","protected":false},"author":6,"featured_media":0,"parent":0,"menu_order":0,"comment_status":"closed","ping_status":"closed","template":"","meta":{"site-sidebar-layout":"no-sidebar","site-content-layout":"page-builder","ast-site-content-layout":"default","site-content-style":"default","site-sidebar-style":"default","ast-global-header-display":"","ast-banner-title-visibility":"","ast-main-header-display":"","ast-hfb-above-header-display":"","ast-hfb-below-header-display":"","ast-hfb-mobile-header-display":"","site-post-title":"disabled","ast-breadcrumbs-content":"","ast-featured-img":"disabled","footer-sml-layout":"","ast-disable-related-posts":"","theme-transparent-header-meta":"enabled","adv-header-id-meta":"","stick-header-meta":"","header-above-stick-meta":"","header-main-stick-meta":"","header-below-stick-meta":"","astra-migrate-meta-layouts":"default","ast-page-background-enabled":"default","ast-page-background-meta":{"desktop":{"background-color":"","background-image":"","background-repeat":"repeat","background-position":"center center","background-size":"auto","background-attachment":"scroll","background-type":"","background-media":"","overlay-type":"","overlay-color":"","overlay-opacity":"","overlay-gradient":""},"tablet":{"background-color":"","background-image":"","background-repeat":"repeat","background-position":"center center","background-size":"auto","background-attachment":"scroll","background-type":"","background-media":"","overlay-type":"","overlay-color":"","overlay-opacity":"","overlay-gradient":""},"mobile":{"background-color":"","background-image":"","background-repeat":"repeat","background-position":"center center","background-size":"auto","background-attachment":"scroll","background-type":"","background-media":"","overlay-type":"","overlay-color":"","overlay-opacity":"","overlay-gradient":""}},"ast-content-background-meta":{"desktop":{"background-color":"var(--ast-global-color-5)","background-image":"","background-repeat":"repeat","background-position":"center center","background-size":"auto","background-attachment":"scroll","background-type":"","background-media":"","overlay-type":"","overlay-color":"","overlay-opacity":"","overlay-gradient":""},"tablet":{"background-color":"var(--ast-global-color-5)","background-image":"","background-repeat":"repeat","background-position":"center center","background-size":"auto","background-attachment":"scroll","background-type":"","background-media":"","overlay-type":"","overlay-color":"","overlay-opacity":"","overlay-gradient":""},"mobile":{"background-color":"var(--ast-global-color-5)","background-image":"","background-repeat":"repeat","background-position":"center center","background-size":"auto","background-attachment":"scroll","background-type":"","background-media":"","overlay-type":"","overlay-color":"","overlay-opacity":"","overlay-gradient":""}},"footnotes":""},"categories":[],"tags":[],"class_list":["post-1191","page","type-page","status-publish","hentry"],"_links":{"self":[{"href":"https:\/\/www.telemedicine.fi\/en\/wp-json\/wp\/v2\/pages\/1191","targetHints":{"allow":["GET"]}}],"collection":[{"href":"https:\/\/www.telemedicine.fi\/en\/wp-json\/wp\/v2\/pages"}],"about":[{"href":"https:\/\/www.telemedicine.fi\/en\/wp-json\/wp\/v2\/types\/page"}],"author":[{"embeddable":true,"href":"https:\/\/www.telemedicine.fi\/en\/wp-json\/wp\/v2\/users\/6"}],"replies":[{"embeddable":true,"href":"https:\/\/www.telemedicine.fi\/en\/wp-json\/wp\/v2\/comments?post=1191"}],"version-history":[{"count":41,"href":"https:\/\/www.telemedicine.fi\/en\/wp-json\/wp\/v2\/pages\/1191\/revisions"}],"predecessor-version":[{"id":2811,"href":"https:\/\/www.telemedicine.fi\/en\/wp-json\/wp\/v2\/pages\/1191\/revisions\/2811"}],"wp:attachment":[{"href":"https:\/\/www.telemedicine.fi\/en\/wp-json\/wp\/v2\/media?parent=1191"}],"wp:term":[{"taxonomy":"category","embeddable":true,"href":"https:\/\/www.telemedicine.fi\/en\/wp-json\/wp\/v2\/categories?post=1191"},{"taxonomy":"post_tag","embeddable":true,"href":"https:\/\/www.telemedicine.fi\/en\/wp-json\/wp\/v2\/tags?post=1191"}],"curies":[{"name":"wp","href":"https:\/\/api.w.org\/{rel}","templated":true}]}}